{"id":78,"date":"2019-05-01T18:02:48","date_gmt":"2019-05-01T18:02:48","guid":{"rendered":"http:\/\/evergreenolsztyn.com\/?page_id=78"},"modified":"2025-03-16T15:28:00","modified_gmt":"2025-03-16T14:28:00","slug":"witaj-na-stronie","status":"publish","type":"page","link":"http:\/\/evergreenolsztyn.com\/?page_id=78","title":{"rendered":"Galeria Portrety"},"content":{"rendered":"\n<div class=\"wp-block-uagb-container uagb-block-46927bd3 default uagb-is-root-container\">\n<figure class=\"wp-block-gallery has-nested-images columns-default is-cropped is-style-rectangular wp-block-gallery-1 is-layout-flex wp-block-gallery-is-layout-flex\">\n<figure class=\"wp-block-image size-large\"><img loading=\"lazy\" decoding=\"async\" width=\"640\" height=\"960\" data-attachment-id=\"43\" data-permalink=\"http:\/\/evergreenolsztyn.com\/?attachment_id=43\" data-orig-file=\"http:\/\/evergreenolsztyn.com\/wp-content\/uploads\/2019\/04\/p18.jpg\" data-orig-size=\"640,960\" data-comments-opened=\"1\" data-image-meta=\"{&quot;aperture&quot;:&quot;0&quot;,&quot;credit&quot;:&quot;&quot;,&quot;camera&quot;:&quot;&quot;,&quot;caption&quot;:&quot;&quot;,&quot;created_timestamp&quot;:&quot;0&quot;,&quot;copyright&quot;:&quot;&quot;,&quot;focal_length&quot;:&quot;0&quot;,&quot;iso&quot;:&quot;0&quot;,&quot;shutter_speed&quot;:&quot;0&quot;,&quot;title&quot;:&quot;&quot;,&quot;orientation&quot;:&quot;0&quot;}\" data-image-title=\"Kobiece sesje portretowe\" data-image-description=\"\" data-image-caption=\"&lt;p&gt;Portretowa sesja kobieca&lt;\/p&gt;\n\" data-large-file=\"http:\/\/evergreenolsztyn.com\/wp-content\/uploads\/2019\/04\/p18.jpg\" data-id=\"43\" src=\"https:\/\/evergreenolsztyn.com\/wp-content\/uploads\/2019\/04\/p18.jpg\" alt=\"Sesje portretowe dla kobiet\" class=\"wp-image-43\" srcset=\"http:\/\/evergreenolsztyn.com\/wp-content\/uploads\/2019\/04\/p18.jpg 640w, http:\/\/evergreenolsztyn.com\/wp-content\/uploads\/2019\/04\/p18-200x300.jpg 200w\" sizes=\"auto, (max-width: 640px) 100vw, 640px\" \/><figcaption class=\"wp-element-caption\">Portretowa sesja kobieca<\/figcaption><\/figure>\n\n\n\n<figure class=\"wp-block-image size-large\"><img loading=\"lazy\" decoding=\"async\" width=\"683\" height=\"1024\" data-attachment-id=\"885\" data-permalink=\"http:\/\/evergreenolsztyn.com\/?attachment_id=885\" data-orig-file=\"http:\/\/evergreenolsztyn.com\/wp-content\/uploads\/2023\/02\/DSC_0158-copy-2-scaled.webp\" data-orig-size=\"1707,2560\" data-comments-opened=\"1\" data-image-meta=\"{&quot;aperture&quot;:&quot;0&quot;,&quot;credit&quot;:&quot;&quot;,&quot;camera&quot;:&quot;&quot;,&quot;caption&quot;:&quot;&quot;,&quot;created_timestamp&quot;:&quot;0&quot;,&quot;copyright&quot;:&quot;&quot;,&quot;focal_length&quot;:&quot;0&quot;,&quot;iso&quot;:&quot;0&quot;,&quot;shutter_speed&quot;:&quot;0&quot;,&quot;title&quot;:&quot;&quot;,&quot;orientation&quot;:&quot;0&quot;}\" data-image-title=\"DSC_0158 copy 2\" data-image-description=\"\" data-image-caption=\"\" data-large-file=\"http:\/\/evergreenolsztyn.com\/wp-content\/uploads\/2023\/02\/DSC_0158-copy-2-683x1024.webp\" data-id=\"885\" src=\"https:\/\/evergreenolsztyn.com\/wp-content\/uploads\/2023\/02\/DSC_0158-copy-2-683x1024.webp\" alt=\"\" class=\"wp-image-885\" srcset=\"http:\/\/evergreenolsztyn.com\/wp-content\/uploads\/2023\/02\/DSC_0158-copy-2-683x1024.webp 683w, http:\/\/evergreenolsztyn.com\/wp-content\/uploads\/2023\/02\/DSC_0158-copy-2-200x300.webp 200w, http:\/\/evergreenolsztyn.com\/wp-content\/uploads\/2023\/02\/DSC_0158-copy-2-768x1152.webp 768w, http:\/\/evergreenolsztyn.com\/wp-content\/uploads\/2023\/02\/DSC_0158-copy-2-1024x1536.webp 1024w, http:\/\/evergreenolsztyn.com\/wp-content\/uploads\/2023\/02\/DSC_0158-copy-2-1365x2048.webp 1365w, http:\/\/evergreenolsztyn.com\/wp-content\/uploads\/2023\/02\/DSC_0158-copy-2-520x780.webp 520w, http:\/\/evergreenolsztyn.com\/wp-content\/uploads\/2023\/02\/DSC_0158-copy-2-740x1110.webp 740w, http:\/\/evergreenolsztyn.com\/wp-content\/uploads\/2023\/02\/DSC_0158-copy-2-scaled.webp 1707w\" sizes=\"auto, (max-width: 683px) 100vw, 683px\" \/><\/figure>\n\n\n\n<figure class=\"wp-block-image size-large\"><img loading=\"lazy\" decoding=\"async\" width=\"683\" height=\"1024\" data-attachment-id=\"519\" data-permalink=\"http:\/\/evergreenolsztyn.com\/?attachment_id=519\" data-orig-file=\"http:\/\/evergreenolsztyn.com\/wp-content\/uploads\/2021\/07\/wp-1626768658537.jpg\" data-orig-size=\"1365,2048\" data-comments-opened=\"1\" data-image-meta=\"{&quot;aperture&quot;:&quot;0&quot;,&quot;credit&quot;:&quot;&quot;,&quot;camera&quot;:&quot;&quot;,&quot;caption&quot;:&quot;&quot;,&quot;created_timestamp&quot;:&quot;0&quot;,&quot;copyright&quot;:&quot;&quot;,&quot;focal_length&quot;:&quot;0&quot;,&quot;iso&quot;:&quot;0&quot;,&quot;shutter_speed&quot;:&quot;0&quot;,&quot;title&quot;:&quot;&quot;,&quot;orientation&quot;:&quot;0&quot;}\" data-image-title=\"wp-1626768658537.jpg\" data-image-description=\"\" data-image-caption=\"\" data-large-file=\"http:\/\/evergreenolsztyn.com\/wp-content\/uploads\/2021\/07\/wp-1626768658537-683x1024.jpg\" data-id=\"519\" src=\"https:\/\/evergreenolsztyn.com\/wp-content\/uploads\/2021\/07\/wp-1626768658537-683x1024.jpg\" alt=\"\" class=\"wp-image-519\" srcset=\"http:\/\/evergreenolsztyn.com\/wp-content\/uploads\/2021\/07\/wp-1626768658537-683x1024.jpg 683w, http:\/\/evergreenolsztyn.com\/wp-content\/uploads\/2021\/07\/wp-1626768658537-200x300.jpg 200w, http:\/\/evergreenolsztyn.com\/wp-content\/uploads\/2021\/07\/wp-1626768658537-768x1152.jpg 768w, http:\/\/evergreenolsztyn.com\/wp-content\/uploads\/2021\/07\/wp-1626768658537-1024x1536.jpg 1024w, http:\/\/evergreenolsztyn.com\/wp-content\/uploads\/2021\/07\/wp-1626768658537-233x350.jpg 233w, http:\/\/evergreenolsztyn.com\/wp-content\/uploads\/2021\/07\/wp-1626768658537.jpg 1365w\" sizes=\"auto, (max-width: 683px) 100vw, 683px\" \/><\/figure>\n\n\n\n<figure class=\"wp-block-image size-large\"><img loading=\"lazy\" decoding=\"async\" width=\"683\" height=\"1024\" data-attachment-id=\"394\" data-permalink=\"http:\/\/evergreenolsztyn.com\/?attachment_id=394\" data-orig-file=\"http:\/\/evergreenolsztyn.com\/wp-content\/uploads\/2019\/06\/kl_3.jpg\" data-orig-size=\"3855,5782\" data-comments-opened=\"1\" data-image-meta=\"{&quot;aperture&quot;:&quot;2.8&quot;,&quot;credit&quot;:&quot;&quot;,&quot;camera&quot;:&quot;NIKON D7100&quot;,&quot;caption&quot;:&quot;&quot;,&quot;created_timestamp&quot;:&quot;989693822&quot;,&quot;copyright&quot;:&quot;&quot;,&quot;focal_length&quot;:&quot;35&quot;,&quot;iso&quot;:&quot;160&quot;,&quot;shutter_speed&quot;:&quot;0.01&quot;,&quot;title&quot;:&quot;&quot;,&quot;orientation&quot;:&quot;0&quot;}\" data-image-title=\"Biznesowa sesja kobieca\" data-image-description=\"\" data-image-caption=\"&lt;p&gt;Kobieca sesja wizerunkowa&lt;\/p&gt;\n\" data-large-file=\"http:\/\/evergreenolsztyn.com\/wp-content\/uploads\/2019\/06\/kl_3-683x1024.jpg\" data-id=\"394\" src=\"https:\/\/evergreenolsztyn.com\/wp-content\/uploads\/2019\/06\/kl_3-683x1024.jpg\" alt=\"Zaproszenie do sesji biznesowej\" class=\"wp-image-394\" srcset=\"http:\/\/evergreenolsztyn.com\/wp-content\/uploads\/2019\/06\/kl_3-683x1024.jpg 683w, http:\/\/evergreenolsztyn.com\/wp-content\/uploads\/2019\/06\/kl_3-200x300.jpg 200w, http:\/\/evergreenolsztyn.com\/wp-content\/uploads\/2019\/06\/kl_3-768x1152.jpg 768w, http:\/\/evergreenolsztyn.com\/wp-content\/uploads\/2019\/06\/kl_3-233x350.jpg 233w\" sizes=\"auto, (max-width: 683px) 100vw, 683px\" \/><figcaption class=\"wp-element-caption\">Kobieca sesja wizerunkowa<\/figcaption><\/figure>\n\n\n\n<figure class=\"wp-block-image size-large\"><img decoding=\"async\" data-attachment-id=\"496\" data-permalink=\"http:\/\/evergreenolsztyn.com\/?attachment_id=496\" data-orig-file=\"http:\/\/evergreenolsztyn.com\/wp-content\/uploads\/2021\/07\/mDSC_8933copy-Recovered.jpg\" data-orig-size=\"\" data-comments-opened=\"1\" data-image-meta=\"[]\" data-image-title=\"Dziewczynka z bzami\" data-image-description=\"&lt;p&gt;Dziewczynka z kwiatami&lt;\/p&gt;\n\" data-image-caption=\"&lt;p&gt;Dzieci\u0119ce sesje fotograficzne&lt;\/p&gt;\n\" data-large-file=\"http:\/\/evergreenolsztyn.com\/wp-content\/uploads\/2021\/07\/mDSC_8933copy-Recovered.jpg\" data-id=\"496\" src=\"https:\/\/evergreenolsztyn.com\/wp-content\/uploads\/2021\/07\/mDSC_8933copy-Recovered.jpg\" alt=\"Sesja fotograficzna\" class=\"wp-image-496\"\/><figcaption class=\"wp-element-caption\">Dzieci\u0119ce sesje fotograficzne<\/figcaption><\/figure>\n\n\n\n<figure class=\"wp-block-image size-large\"><img loading=\"lazy\" decoding=\"async\" width=\"1024\" height=\"683\" data-attachment-id=\"233\" data-permalink=\"http:\/\/evergreenolsztyn.com\/?attachment_id=233\" data-orig-file=\"http:\/\/evergreenolsztyn.com\/wp-content\/uploads\/2019\/05\/DSC_4005lom.jpg\" data-orig-size=\"6000,4000\" data-comments-opened=\"1\" data-image-meta=\"{&quot;aperture&quot;:&quot;5&quot;,&quot;credit&quot;:&quot;&quot;,&quot;camera&quot;:&quot;NIKON D7100&quot;,&quot;caption&quot;:&quot;&quot;,&quot;created_timestamp&quot;:&quot;975959714&quot;,&quot;copyright&quot;:&quot;&quot;,&quot;focal_length&quot;:&quot;50&quot;,&quot;iso&quot;:&quot;160&quot;,&quot;shutter_speed&quot;:&quot;0.0125&quot;,&quot;title&quot;:&quot;&quot;,&quot;orientation&quot;:&quot;1&quot;}\" data-image-title=\"Klimatyczne sesja zdj\u0119ciowa\" data-image-description=\"&lt;p&gt;Sesja zdj\u0119ciowa w stylu fine art&lt;\/p&gt;\n\" data-image-caption=\"&lt;p&gt;Sesja zdj\u0119ciowa w stylu fine art&lt;\/p&gt;\n\" data-large-file=\"http:\/\/evergreenolsztyn.com\/wp-content\/uploads\/2019\/05\/DSC_4005lom-1024x683.jpg\" data-id=\"233\" src=\"https:\/\/evergreenolsztyn.com\/wp-content\/uploads\/2019\/05\/DSC_4005lom-1024x683.jpg\" alt=\"Sesja zdj\u0119ciowa dla nastalotek\" class=\"wp-image-233\" srcset=\"http:\/\/evergreenolsztyn.com\/wp-content\/uploads\/2019\/05\/DSC_4005lom-1024x683.jpg 1024w, http:\/\/evergreenolsztyn.com\/wp-content\/uploads\/2019\/05\/DSC_4005lom-300x200.jpg 300w, http:\/\/evergreenolsztyn.com\/wp-content\/uploads\/2019\/05\/DSC_4005lom-768x512.jpg 768w, http:\/\/evergreenolsztyn.com\/wp-content\/uploads\/2019\/05\/DSC_4005lom-430x287.jpg 430w\" sizes=\"auto, (max-width: 1024px) 100vw, 1024px\" \/><figcaption class=\"wp-element-caption\">Sesja zdj\u0119ciowa w stylu fine art<\/figcaption><\/figure>\n\n\n\n<figure class=\"wp-block-image size-large\"><img loading=\"lazy\" decoding=\"async\" width=\"683\" height=\"1024\" data-attachment-id=\"62\" data-permalink=\"http:\/\/evergreenolsztyn.com\/?attachment_id=62\" data-orig-file=\"http:\/\/evergreenolsztyn.com\/wp-content\/uploads\/2019\/04\/DSC_5959.jpg\" data-orig-size=\"3188,4782\" data-comments-opened=\"1\" data-image-meta=\"{&quot;aperture&quot;:&quot;4.5&quot;,&quot;credit&quot;:&quot;&quot;,&quot;camera&quot;:&quot;NIKON D7100&quot;,&quot;caption&quot;:&quot;&quot;,&quot;created_timestamp&quot;:&quot;965177712&quot;,&quot;copyright&quot;:&quot;&quot;,&quot;focal_length&quot;:&quot;50&quot;,&quot;iso&quot;:&quot;100&quot;,&quot;shutter_speed&quot;:&quot;0.02&quot;,&quot;title&quot;:&quot;&quot;,&quot;orientation&quot;:&quot;1&quot;}\" data-image-title=\"DSC_5959\" data-image-description=\"\" data-image-caption=\"\" data-large-file=\"http:\/\/evergreenolsztyn.com\/wp-content\/uploads\/2019\/04\/DSC_5959-683x1024.jpg\" data-id=\"62\" src=\"https:\/\/evergreenolsztyn.com\/wp-content\/uploads\/2019\/04\/DSC_5959-683x1024.jpg\" alt=\"\" class=\"wp-image-62\" srcset=\"http:\/\/evergreenolsztyn.com\/wp-content\/uploads\/2019\/04\/DSC_5959-683x1024.jpg 683w, http:\/\/evergreenolsztyn.com\/wp-content\/uploads\/2019\/04\/DSC_5959-200x300.jpg 200w, http:\/\/evergreenolsztyn.com\/wp-content\/uploads\/2019\/04\/DSC_5959-768x1152.jpg 768w\" sizes=\"auto, (max-width: 683px) 100vw, 683px\" \/><\/figure>\n\n\n\n<figure class=\"wp-block-image size-large\"><img loading=\"lazy\" decoding=\"async\" width=\"640\" height=\"960\" data-attachment-id=\"44\" data-permalink=\"http:\/\/evergreenolsztyn.com\/?attachment_id=44\" data-orig-file=\"http:\/\/evergreenolsztyn.com\/wp-content\/uploads\/2019\/04\/p17.jpg\" data-orig-size=\"640,960\" data-comments-opened=\"1\" data-image-meta=\"{&quot;aperture&quot;:&quot;0&quot;,&quot;credit&quot;:&quot;&quot;,&quot;camera&quot;:&quot;&quot;,&quot;caption&quot;:&quot;&quot;,&quot;created_timestamp&quot;:&quot;0&quot;,&quot;copyright&quot;:&quot;&quot;,&quot;focal_length&quot;:&quot;0&quot;,&quot;iso&quot;:&quot;0&quot;,&quot;shutter_speed&quot;:&quot;0&quot;,&quot;title&quot;:&quot;&quot;,&quot;orientation&quot;:&quot;0&quot;}\" data-image-title=\"Pi\u0119kna kobieta podczas sesji zdj\u0119ciowej rozkiwta\" data-image-description=\"\" data-image-caption=\"&lt;p&gt;Sesja portretowa sesja kobieca&lt;\/p&gt;\n\" data-large-file=\"http:\/\/evergreenolsztyn.com\/wp-content\/uploads\/2019\/04\/p17.jpg\" data-id=\"44\" src=\"https:\/\/evergreenolsztyn.com\/wp-content\/uploads\/2019\/04\/p17.jpg\" alt=\"Kobieca sesja zdj\u0119ciowa\" class=\"wp-image-44\" srcset=\"http:\/\/evergreenolsztyn.com\/wp-content\/uploads\/2019\/04\/p17.jpg 640w, http:\/\/evergreenolsztyn.com\/wp-content\/uploads\/2019\/04\/p17-200x300.jpg 200w\" sizes=\"auto, (max-width: 640px) 100vw, 640px\" \/><figcaption class=\"wp-element-caption\">Sesja portretowa sesja kobieca<\/figcaption><\/figure>\n\n\n\n<figure class=\"wp-block-image size-large\"><img loading=\"lazy\" decoding=\"async\" width=\"683\" height=\"1024\" data-attachment-id=\"396\" data-permalink=\"http:\/\/evergreenolsztyn.com\/?attachment_id=396\" data-orig-file=\"http:\/\/evergreenolsztyn.com\/wp-content\/uploads\/2019\/06\/kl_1.jpg\" data-orig-size=\"3495,5243\" data-comments-opened=\"1\" data-image-meta=\"{&quot;aperture&quot;:&quot;2.8&quot;,&quot;credit&quot;:&quot;&quot;,&quot;camera&quot;:&quot;NIKON D7100&quot;,&quot;caption&quot;:&quot;&quot;,&quot;created_timestamp&quot;:&quot;989694113&quot;,&quot;copyright&quot;:&quot;&quot;,&quot;focal_length&quot;:&quot;35&quot;,&quot;iso&quot;:&quot;160&quot;,&quot;shutter_speed&quot;:&quot;0.01&quot;,&quot;title&quot;:&quot;&quot;,&quot;orientation&quot;:&quot;0&quot;}\" data-image-title=\"Kobieca sesja wizerunkowa\" data-image-description=\"&lt;p&gt;Sesja biznesowa Olsztyn&lt;\/p&gt;\n\" data-image-caption=\"&lt;p&gt;Kobieca sesja biznesowa&lt;\/p&gt;\n\" data-large-file=\"http:\/\/evergreenolsztyn.com\/wp-content\/uploads\/2019\/06\/kl_1-683x1024.jpg\" data-id=\"396\" src=\"https:\/\/evergreenolsztyn.com\/wp-content\/uploads\/2019\/06\/kl_1-683x1024.jpg\" alt=\"Przygotowanie do sesji biznesowej\" class=\"wp-image-396\" srcset=\"http:\/\/evergreenolsztyn.com\/wp-content\/uploads\/2019\/06\/kl_1-683x1024.jpg 683w, http:\/\/evergreenolsztyn.com\/wp-content\/uploads\/2019\/06\/kl_1-200x300.jpg 200w, http:\/\/evergreenolsztyn.com\/wp-content\/uploads\/2019\/06\/kl_1-768x1152.jpg 768w, http:\/\/evergreenolsztyn.com\/wp-content\/uploads\/2019\/06\/kl_1-233x350.jpg 233w\" sizes=\"auto, (max-width: 683px) 100vw, 683px\" \/><figcaption class=\"wp-element-caption\">Kobieca sesja biznesowa<\/figcaption><\/figure>\n\n\n\n<figure class=\"wp-block-image size-large\"><img loading=\"lazy\" decoding=\"async\" width=\"683\" height=\"1024\" data-attachment-id=\"879\" data-permalink=\"http:\/\/evergreenolsztyn.com\/?attachment_id=879\" data-orig-file=\"http:\/\/evergreenolsztyn.com\/wp-content\/uploads\/2023\/02\/DSC_0095-copy-2-scaled.webp\" data-orig-size=\"1707,2560\" data-comments-opened=\"1\" data-image-meta=\"{&quot;aperture&quot;:&quot;0&quot;,&quot;credit&quot;:&quot;&quot;,&quot;camera&quot;:&quot;&quot;,&quot;caption&quot;:&quot;&quot;,&quot;created_timestamp&quot;:&quot;0&quot;,&quot;copyright&quot;:&quot;&quot;,&quot;focal_length&quot;:&quot;0&quot;,&quot;iso&quot;:&quot;0&quot;,&quot;shutter_speed&quot;:&quot;0&quot;,&quot;title&quot;:&quot;&quot;,&quot;orientation&quot;:&quot;0&quot;}\" data-image-title=\"DSC_0095 copy 2\" data-image-description=\"\" data-image-caption=\"\" data-large-file=\"http:\/\/evergreenolsztyn.com\/wp-content\/uploads\/2023\/02\/DSC_0095-copy-2-683x1024.webp\" data-id=\"879\" src=\"https:\/\/evergreenolsztyn.com\/wp-content\/uploads\/2023\/02\/DSC_0095-copy-2-683x1024.webp\" alt=\"\" class=\"wp-image-879\" srcset=\"http:\/\/evergreenolsztyn.com\/wp-content\/uploads\/2023\/02\/DSC_0095-copy-2-683x1024.webp 683w, http:\/\/evergreenolsztyn.com\/wp-content\/uploads\/2023\/02\/DSC_0095-copy-2-200x300.webp 200w, http:\/\/evergreenolsztyn.com\/wp-content\/uploads\/2023\/02\/DSC_0095-copy-2-768x1152.webp 768w, http:\/\/evergreenolsztyn.com\/wp-content\/uploads\/2023\/02\/DSC_0095-copy-2-scaled.webp 1707w\" sizes=\"auto, (max-width: 683px) 100vw, 683px\" \/><\/figure>\n\n\n\n<figure class=\"wp-block-image size-large\"><img loading=\"lazy\" decoding=\"async\" width=\"683\" height=\"1024\" data-attachment-id=\"882\" data-permalink=\"http:\/\/evergreenolsztyn.com\/?attachment_id=882\" data-orig-file=\"http:\/\/evergreenolsztyn.com\/wp-content\/uploads\/2023\/02\/DSC_0142-copy-2-scaled.webp\" data-orig-size=\"1707,2560\" data-comments-opened=\"1\" data-image-meta=\"{&quot;aperture&quot;:&quot;0&quot;,&quot;credit&quot;:&quot;&quot;,&quot;camera&quot;:&quot;&quot;,&quot;caption&quot;:&quot;&quot;,&quot;created_timestamp&quot;:&quot;0&quot;,&quot;copyright&quot;:&quot;&quot;,&quot;focal_length&quot;:&quot;0&quot;,&quot;iso&quot;:&quot;0&quot;,&quot;shutter_speed&quot;:&quot;0&quot;,&quot;title&quot;:&quot;&quot;,&quot;orientation&quot;:&quot;0&quot;}\" data-image-title=\"DSC_0142 copy 2\" data-image-description=\"\" data-image-caption=\"\" data-large-file=\"http:\/\/evergreenolsztyn.com\/wp-content\/uploads\/2023\/02\/DSC_0142-copy-2-683x1024.webp\" data-id=\"882\" src=\"https:\/\/evergreenolsztyn.com\/wp-content\/uploads\/2023\/02\/DSC_0142-copy-2-683x1024.webp\" alt=\"\" class=\"wp-image-882\" srcset=\"http:\/\/evergreenolsztyn.com\/wp-content\/uploads\/2023\/02\/DSC_0142-copy-2-683x1024.webp 683w, http:\/\/evergreenolsztyn.com\/wp-content\/uploads\/2023\/02\/DSC_0142-copy-2-200x300.webp 200w, http:\/\/evergreenolsztyn.com\/wp-content\/uploads\/2023\/02\/DSC_0142-copy-2-768x1152.webp 768w, http:\/\/evergreenolsztyn.com\/wp-content\/uploads\/2023\/02\/DSC_0142-copy-2-1024x1536.webp 1024w, http:\/\/evergreenolsztyn.com\/wp-content\/uploads\/2023\/02\/DSC_0142-copy-2-1365x2048.webp 1365w, http:\/\/evergreenolsztyn.com\/wp-content\/uploads\/2023\/02\/DSC_0142-copy-2-520x780.webp 520w, http:\/\/evergreenolsztyn.com\/wp-content\/uploads\/2023\/02\/DSC_0142-copy-2-740x1110.webp 740w, http:\/\/evergreenolsztyn.com\/wp-content\/uploads\/2023\/02\/DSC_0142-copy-2-scaled.webp 1707w\" sizes=\"auto, (max-width: 683px) 100vw, 683px\" \/><\/figure>\n\n\n\n<figure class=\"wp-block-image size-large\"><img loading=\"lazy\" decoding=\"async\" width=\"683\" height=\"1024\" data-attachment-id=\"377\" data-permalink=\"http:\/\/evergreenolsztyn.com\/?attachment_id=377\" data-orig-file=\"http:\/\/evergreenolsztyn.com\/wp-content\/uploads\/2019\/06\/DSC_7521.jpg\" data-orig-size=\"4000,6000\" data-comments-opened=\"1\" data-image-meta=\"{&quot;aperture&quot;:&quot;3.2&quot;,&quot;credit&quot;:&quot;&quot;,&quot;camera&quot;:&quot;NIKON D7100&quot;,&quot;caption&quot;:&quot;&quot;,&quot;created_timestamp&quot;:&quot;984961838&quot;,&quot;copyright&quot;:&quot;&quot;,&quot;focal_length&quot;:&quot;35&quot;,&quot;iso&quot;:&quot;100&quot;,&quot;shutter_speed&quot;:&quot;0.0004&quot;,&quot;title&quot;:&quot;&quot;,&quot;orientation&quot;:&quot;0&quot;}\" data-image-title=\"Para narzeczonych\" data-image-description=\"\" data-image-caption=\"\" data-large-file=\"http:\/\/evergreenolsztyn.com\/wp-content\/uploads\/2019\/06\/DSC_7521-683x1024.jpg\" data-id=\"377\" src=\"https:\/\/evergreenolsztyn.com\/wp-content\/uploads\/2019\/06\/DSC_7521-683x1024.jpg\" alt=\"Sesja narzecze\u0144ska nad jeziorem Krzywym\" class=\"wp-image-377\" srcset=\"http:\/\/evergreenolsztyn.com\/wp-content\/uploads\/2019\/06\/DSC_7521-683x1024.jpg 683w, http:\/\/evergreenolsztyn.com\/wp-content\/uploads\/2019\/06\/DSC_7521-200x300.jpg 200w, http:\/\/evergreenolsztyn.com\/wp-content\/uploads\/2019\/06\/DSC_7521-768x1152.jpg 768w, http:\/\/evergreenolsztyn.com\/wp-content\/uploads\/2019\/06\/DSC_7521-233x350.jpg 233w\" sizes=\"auto, (max-width: 683px) 100vw, 683px\" \/><\/figure>\n\n\n\n<figure class=\"wp-block-image size-large\"><img loading=\"lazy\" decoding=\"async\" width=\"1024\" height=\"683\" data-attachment-id=\"503\" data-permalink=\"http:\/\/evergreenolsztyn.com\/?attachment_id=503\" data-orig-file=\"http:\/\/evergreenolsztyn.com\/wp-content\/uploads\/2021\/07\/wp-1626768039538-scaled.jpg\" data-orig-size=\"2560,1706\" data-comments-opened=\"1\" data-image-meta=\"{&quot;aperture&quot;:&quot;0&quot;,&quot;credit&quot;:&quot;&quot;,&quot;camera&quot;:&quot;&quot;,&quot;caption&quot;:&quot;&quot;,&quot;created_timestamp&quot;:&quot;0&quot;,&quot;copyright&quot;:&quot;&quot;,&quot;focal_length&quot;:&quot;0&quot;,&quot;iso&quot;:&quot;0&quot;,&quot;shutter_speed&quot;:&quot;0&quot;,&quot;title&quot;:&quot;&quot;,&quot;orientation&quot;:&quot;0&quot;}\" data-image-title=\"wp-1626768039538.jpg\" data-image-description=\"\" data-image-caption=\"\" data-large-file=\"http:\/\/evergreenolsztyn.com\/wp-content\/uploads\/2021\/07\/wp-1626768039538-1024x683.jpg\" data-id=\"503\" src=\"https:\/\/evergreenolsztyn.com\/wp-content\/uploads\/2021\/07\/wp-1626768039538-1024x683.jpg\" alt=\"\" class=\"wp-image-503\" srcset=\"http:\/\/evergreenolsztyn.com\/wp-content\/uploads\/2021\/07\/wp-1626768039538-1024x683.jpg 1024w, http:\/\/evergreenolsztyn.com\/wp-content\/uploads\/2021\/07\/wp-1626768039538-300x200.jpg 300w, http:\/\/evergreenolsztyn.com\/wp-content\/uploads\/2021\/07\/wp-1626768039538-768x512.jpg 768w, http:\/\/evergreenolsztyn.com\/wp-content\/uploads\/2021\/07\/wp-1626768039538-1536x1024.jpg 1536w, http:\/\/evergreenolsztyn.com\/wp-content\/uploads\/2021\/07\/wp-1626768039538-2048x1365.jpg 2048w, http:\/\/evergreenolsztyn.com\/wp-content\/uploads\/2021\/07\/wp-1626768039538-525x350.jpg 525w\" sizes=\"auto, (max-width: 1024px) 100vw, 1024px\" \/><\/figure>\n\n\n\n<figure class=\"wp-block-image size-large\"><img loading=\"lazy\" decoding=\"async\" width=\"683\" height=\"1024\" data-attachment-id=\"379\" data-permalink=\"http:\/\/evergreenolsztyn.com\/?attachment_id=379\" data-orig-file=\"http:\/\/evergreenolsztyn.com\/wp-content\/uploads\/2019\/06\/DSC_7705.jpg\" data-orig-size=\"3203,4805\" data-comments-opened=\"1\" data-image-meta=\"{&quot;aperture&quot;:&quot;5&quot;,&quot;credit&quot;:&quot;&quot;,&quot;camera&quot;:&quot;NIKON D7100&quot;,&quot;caption&quot;:&quot;&quot;,&quot;created_timestamp&quot;:&quot;984963157&quot;,&quot;copyright&quot;:&quot;&quot;,&quot;focal_length&quot;:&quot;35&quot;,&quot;iso&quot;:&quot;100&quot;,&quot;shutter_speed&quot;:&quot;0.00125&quot;,&quot;title&quot;:&quot;&quot;,&quot;orientation&quot;:&quot;0&quot;}\" data-image-title=\"Para narzeczonych\" data-image-description=\"&lt;p&gt;Sesja nad jeziorem&lt;\/p&gt;\n\" data-image-caption=\"\" data-large-file=\"http:\/\/evergreenolsztyn.com\/wp-content\/uploads\/2019\/06\/DSC_7705-683x1024.jpg\" data-id=\"379\" src=\"https:\/\/evergreenolsztyn.com\/wp-content\/uploads\/2019\/06\/DSC_7705-683x1024.jpg\" alt=\"Sesja narzecze\u0144ska\" class=\"wp-image-379\" srcset=\"http:\/\/evergreenolsztyn.com\/wp-content\/uploads\/2019\/06\/DSC_7705-683x1024.jpg 683w, http:\/\/evergreenolsztyn.com\/wp-content\/uploads\/2019\/06\/DSC_7705-200x300.jpg 200w, http:\/\/evergreenolsztyn.com\/wp-content\/uploads\/2019\/06\/DSC_7705-768x1152.jpg 768w, http:\/\/evergreenolsztyn.com\/wp-content\/uploads\/2019\/06\/DSC_7705-233x350.jpg 233w\" sizes=\"auto, (max-width: 683px) 100vw, 683px\" \/><\/figure>\n\n\n\n<figure class=\"wp-block-image size-large\"><img loading=\"lazy\" decoding=\"async\" width=\"1024\" height=\"683\" data-attachment-id=\"522\" data-permalink=\"http:\/\/evergreenolsztyn.com\/?attachment_id=522\" data-orig-file=\"http:\/\/evergreenolsztyn.com\/wp-content\/uploads\/2021\/07\/wp-1626768658586.jpg\" data-orig-size=\"2048,1366\" data-comments-opened=\"1\" data-image-meta=\"{&quot;aperture&quot;:&quot;0&quot;,&quot;credit&quot;:&quot;&quot;,&quot;camera&quot;:&quot;&quot;,&quot;caption&quot;:&quot;&quot;,&quot;created_timestamp&quot;:&quot;0&quot;,&quot;copyright&quot;:&quot;&quot;,&quot;focal_length&quot;:&quot;0&quot;,&quot;iso&quot;:&quot;0&quot;,&quot;shutter_speed&quot;:&quot;0&quot;,&quot;title&quot;:&quot;&quot;,&quot;orientation&quot;:&quot;0&quot;}\" data-image-title=\"wp-1626768658586.jpg\" data-image-description=\"\" data-image-caption=\"\" data-large-file=\"http:\/\/evergreenolsztyn.com\/wp-content\/uploads\/2021\/07\/wp-1626768658586-1024x683.jpg\" data-id=\"522\" src=\"https:\/\/evergreenolsztyn.com\/wp-content\/uploads\/2021\/07\/wp-1626768658586-1024x683.jpg\" alt=\"\" class=\"wp-image-522\" srcset=\"http:\/\/evergreenolsztyn.com\/wp-content\/uploads\/2021\/07\/wp-1626768658586-1024x683.jpg 1024w, http:\/\/evergreenolsztyn.com\/wp-content\/uploads\/2021\/07\/wp-1626768658586-300x200.jpg 300w, http:\/\/evergreenolsztyn.com\/wp-content\/uploads\/2021\/07\/wp-1626768658586-768x512.jpg 768w, http:\/\/evergreenolsztyn.com\/wp-content\/uploads\/2021\/07\/wp-1626768658586-1536x1025.jpg 1536w, http:\/\/evergreenolsztyn.com\/wp-content\/uploads\/2021\/07\/wp-1626768658586-525x350.jpg 525w, http:\/\/evergreenolsztyn.com\/wp-content\/uploads\/2021\/07\/wp-1626768658586.jpg 2048w\" sizes=\"auto, (max-width: 1024px) 100vw, 1024px\" \/><\/figure>\n\n\n\n<figure class=\"wp-block-image size-large\"><img loading=\"lazy\" decoding=\"async\" width=\"683\" height=\"1024\" data-attachment-id=\"393\" data-permalink=\"http:\/\/evergreenolsztyn.com\/?attachment_id=393\" data-orig-file=\"http:\/\/evergreenolsztyn.com\/wp-content\/uploads\/2019\/06\/kl_4.jpg\" data-orig-size=\"3385,5078\" data-comments-opened=\"1\" data-image-meta=\"{&quot;aperture&quot;:&quot;2.8&quot;,&quot;credit&quot;:&quot;&quot;,&quot;camera&quot;:&quot;NIKON D7100&quot;,&quot;caption&quot;:&quot;&quot;,&quot;created_timestamp&quot;:&quot;989693627&quot;,&quot;copyright&quot;:&quot;&quot;,&quot;focal_length&quot;:&quot;35&quot;,&quot;iso&quot;:&quot;160&quot;,&quot;shutter_speed&quot;:&quot;0.01&quot;,&quot;title&quot;:&quot;&quot;,&quot;orientation&quot;:&quot;0&quot;}\" data-image-title=\"Sesja biznesowa kobieca\" data-image-description=\"\" data-image-caption=\"\" data-large-file=\"http:\/\/evergreenolsztyn.com\/wp-content\/uploads\/2019\/06\/kl_4-683x1024.jpg\" data-id=\"393\" src=\"https:\/\/evergreenolsztyn.com\/wp-content\/uploads\/2019\/06\/kl_4-683x1024.jpg\" alt=\"Kobieca sesja\" class=\"wp-image-393\" srcset=\"http:\/\/evergreenolsztyn.com\/wp-content\/uploads\/2019\/06\/kl_4-683x1024.jpg 683w, http:\/\/evergreenolsztyn.com\/wp-content\/uploads\/2019\/06\/kl_4-200x300.jpg 200w, http:\/\/evergreenolsztyn.com\/wp-content\/uploads\/2019\/06\/kl_4-768x1152.jpg 768w, http:\/\/evergreenolsztyn.com\/wp-content\/uploads\/2019\/06\/kl_4-233x350.jpg 233w\" sizes=\"auto, (max-width: 683px) 100vw, 683px\" \/><\/figure>\n\n\n\n<figure class=\"wp-block-image size-large\"><img loading=\"lazy\" decoding=\"async\" width=\"1024\" height=\"682\" data-attachment-id=\"490\" data-permalink=\"http:\/\/evergreenolsztyn.com\/?attachment_id=490\" data-orig-file=\"http:\/\/evergreenolsztyn.com\/wp-content\/uploads\/2020\/08\/DSC_0545.jpg\" data-orig-size=\"5481,3653\" data-comments-opened=\"1\" data-image-meta=\"{&quot;aperture&quot;:&quot;2.8&quot;,&quot;credit&quot;:&quot;&quot;,&quot;camera&quot;:&quot;NIKON D7100&quot;,&quot;caption&quot;:&quot;&quot;,&quot;created_timestamp&quot;:&quot;1362966340&quot;,&quot;copyright&quot;:&quot;&quot;,&quot;focal_length&quot;:&quot;26&quot;,&quot;iso&quot;:&quot;100&quot;,&quot;shutter_speed&quot;:&quot;0.008&quot;,&quot;title&quot;:&quot;&quot;,&quot;orientation&quot;:&quot;1&quot;}\" data-image-title=\"DSC_0545\" data-image-description=\"\" data-image-caption=\"\" data-large-file=\"http:\/\/evergreenolsztyn.com\/wp-content\/uploads\/2020\/08\/DSC_0545-1024x682.jpg\" data-id=\"490\" src=\"https:\/\/evergreenolsztyn.com\/wp-content\/uploads\/2020\/08\/DSC_0545-1024x682.jpg\" alt=\"\" class=\"wp-image-490\" srcset=\"http:\/\/evergreenolsztyn.com\/wp-content\/uploads\/2020\/08\/DSC_0545-1024x682.jpg 1024w, http:\/\/evergreenolsztyn.com\/wp-content\/uploads\/2020\/08\/DSC_0545-300x200.jpg 300w, http:\/\/evergreenolsztyn.com\/wp-content\/uploads\/2020\/08\/DSC_0545-768x512.jpg 768w, http:\/\/evergreenolsztyn.com\/wp-content\/uploads\/2020\/08\/DSC_0545-525x350.jpg 525w\" sizes=\"auto, (max-width: 1024px) 100vw, 1024px\" \/><\/figure>\n\n\n\n<figure class=\"wp-block-image size-large\"><img loading=\"lazy\" decoding=\"async\" width=\"1024\" height=\"683\" data-attachment-id=\"491\" data-permalink=\"http:\/\/evergreenolsztyn.com\/?attachment_id=491\" data-orig-file=\"http:\/\/evergreenolsztyn.com\/wp-content\/uploads\/2020\/08\/DSC_2994.jpg\" data-orig-size=\"6000,4000\" data-comments-opened=\"1\" data-image-meta=\"{&quot;aperture&quot;:&quot;5.6&quot;,&quot;credit&quot;:&quot;&quot;,&quot;camera&quot;:&quot;NIKON D7100&quot;,&quot;caption&quot;:&quot;&quot;,&quot;created_timestamp&quot;:&quot;961298721&quot;,&quot;copyright&quot;:&quot;&quot;,&quot;focal_length&quot;:&quot;50&quot;,&quot;iso&quot;:&quot;125&quot;,&quot;shutter_speed&quot;:&quot;0.00625&quot;,&quot;title&quot;:&quot;&quot;,&quot;orientation&quot;:&quot;1&quot;}\" data-image-title=\"DSC_2994\" data-image-description=\"\" data-image-caption=\"\" data-large-file=\"http:\/\/evergreenolsztyn.com\/wp-content\/uploads\/2020\/08\/DSC_2994-1024x683.jpg\" data-id=\"491\" src=\"https:\/\/evergreenolsztyn.com\/wp-content\/uploads\/2020\/08\/DSC_2994-1024x683.jpg\" alt=\"\" class=\"wp-image-491\" srcset=\"http:\/\/evergreenolsztyn.com\/wp-content\/uploads\/2020\/08\/DSC_2994-1024x683.jpg 1024w, http:\/\/evergreenolsztyn.com\/wp-content\/uploads\/2020\/08\/DSC_2994-300x200.jpg 300w, http:\/\/evergreenolsztyn.com\/wp-content\/uploads\/2020\/08\/DSC_2994-768x512.jpg 768w, http:\/\/evergreenolsztyn.com\/wp-content\/uploads\/2020\/08\/DSC_2994-525x350.jpg 525w\" sizes=\"auto, (max-width: 1024px) 100vw, 1024px\" \/><\/figure>\n\n\n\n<figure class=\"wp-block-image size-large\"><img decoding=\"async\" data-attachment-id=\"497\" data-permalink=\"http:\/\/evergreenolsztyn.com\/?attachment_id=497\" data-orig-file=\"http:\/\/evergreenolsztyn.com\/wp-content\/uploads\/2021\/07\/DSC_8975copy.jpg\" data-orig-size=\"\" data-comments-opened=\"1\" data-image-meta=\"[]\" data-image-title=\"Dziewczynka z bzami\" data-image-description=\"&lt;p&gt;Dziewczynka z bzami&lt;\/p&gt;\n\" data-image-caption=\"&lt;p&gt;Sesja dzieci\u0119ca&lt;\/p&gt;\n\" data-large-file=\"http:\/\/evergreenolsztyn.com\/wp-content\/uploads\/2021\/07\/DSC_8975copy.jpg\" data-id=\"497\" src=\"https:\/\/evergreenolsztyn.com\/wp-content\/uploads\/2021\/07\/DSC_8975copy.jpg\" alt=\"Sesja fotograficzna dla dzieci\" class=\"wp-image-497\"\/><figcaption class=\"wp-element-caption\">Sesja dzieci\u0119ca<\/figcaption><\/figure>\n\n\n\n<figure class=\"wp-block-image size-large\"><img loading=\"lazy\" decoding=\"async\" width=\"1024\" height=\"1024\" data-attachment-id=\"495\" data-permalink=\"http:\/\/evergreenolsztyn.com\/?attachment_id=495\" data-orig-file=\"http:\/\/evergreenolsztyn.com\/wp-content\/uploads\/2021\/07\/IMG_20210713_152505_783.jpg\" data-orig-size=\"3228,3228\" data-comments-opened=\"1\" data-image-meta=\"{&quot;aperture&quot;:&quot;0&quot;,&quot;credit&quot;:&quot;&quot;,&quot;camera&quot;:&quot;&quot;,&quot;caption&quot;:&quot;&quot;,&quot;created_timestamp&quot;:&quot;0&quot;,&quot;copyright&quot;:&quot;&quot;,&quot;focal_length&quot;:&quot;0&quot;,&quot;iso&quot;:&quot;0&quot;,&quot;shutter_speed&quot;:&quot;0&quot;,&quot;title&quot;:&quot;&quot;,&quot;orientation&quot;:&quot;0&quot;}\" data-image-title=\"Letnia sesja w lesie\" data-image-description=\"&lt;p&gt;Sesja fotograficzna dla dzieci&lt;\/p&gt;\n\" data-image-caption=\"&lt;p&gt;Dziewczynka w letnim s\u0142o\u0144cu&lt;\/p&gt;\n\" data-large-file=\"http:\/\/evergreenolsztyn.com\/wp-content\/uploads\/2021\/07\/IMG_20210713_152505_783-1024x1024.jpg\" data-id=\"495\" src=\"https:\/\/evergreenolsztyn.com\/wp-content\/uploads\/2021\/07\/IMG_20210713_152505_783-1024x1024.jpg\" alt=\"Letnia sesja w lesie\" class=\"wp-image-495\" srcset=\"http:\/\/evergreenolsztyn.com\/wp-content\/uploads\/2021\/07\/IMG_20210713_152505_783-1024x1024.jpg 1024w, http:\/\/evergreenolsztyn.com\/wp-content\/uploads\/2021\/07\/IMG_20210713_152505_783-150x150.jpg 150w, http:\/\/evergreenolsztyn.com\/wp-content\/uploads\/2021\/07\/IMG_20210713_152505_783-300x300.jpg 300w, http:\/\/evergreenolsztyn.com\/wp-content\/uploads\/2021\/07\/IMG_20210713_152505_783-768x768.jpg 768w, http:\/\/evergreenolsztyn.com\/wp-content\/uploads\/2021\/07\/IMG_20210713_152505_783-350x350.jpg 350w\" sizes=\"auto, (max-width: 1024px) 100vw, 1024px\" \/><figcaption class=\"wp-element-caption\">Dziewczynka w letnim s\u0142o\u0144cu<\/figcaption><\/figure>\n\n\n\n<figure class=\"wp-block-image size-large\"><img loading=\"lazy\" decoding=\"async\" width=\"1024\" height=\"683\" data-attachment-id=\"501\" data-permalink=\"http:\/\/evergreenolsztyn.com\/?attachment_id=501\" data-orig-file=\"http:\/\/evergreenolsztyn.com\/wp-content\/uploads\/2021\/07\/wp-1626766391307.jpg\" data-orig-size=\"2048,1365\" data-comments-opened=\"1\" data-image-meta=\"{&quot;aperture&quot;:&quot;0&quot;,&quot;credit&quot;:&quot;&quot;,&quot;camera&quot;:&quot;&quot;,&quot;caption&quot;:&quot;&quot;,&quot;created_timestamp&quot;:&quot;0&quot;,&quot;copyright&quot;:&quot;&quot;,&quot;focal_length&quot;:&quot;0&quot;,&quot;iso&quot;:&quot;0&quot;,&quot;shutter_speed&quot;:&quot;0&quot;,&quot;title&quot;:&quot;&quot;,&quot;orientation&quot;:&quot;0&quot;}\" data-image-title=\"wp-1626766391307.jpg\" data-image-description=\"\" data-image-caption=\"\" data-large-file=\"http:\/\/evergreenolsztyn.com\/wp-content\/uploads\/2021\/07\/wp-1626766391307-1024x683.jpg\" data-id=\"501\" src=\"https:\/\/evergreenolsztyn.com\/wp-content\/uploads\/2021\/07\/wp-1626766391307-1024x683.jpg\" alt=\"\" class=\"wp-image-501\" srcset=\"http:\/\/evergreenolsztyn.com\/wp-content\/uploads\/2021\/07\/wp-1626766391307-1024x683.jpg 1024w, http:\/\/evergreenolsztyn.com\/wp-content\/uploads\/2021\/07\/wp-1626766391307-300x200.jpg 300w, http:\/\/evergreenolsztyn.com\/wp-content\/uploads\/2021\/07\/wp-1626766391307-768x512.jpg 768w, http:\/\/evergreenolsztyn.com\/wp-content\/uploads\/2021\/07\/wp-1626766391307-1536x1024.jpg 1536w, http:\/\/evergreenolsztyn.com\/wp-content\/uploads\/2021\/07\/wp-1626766391307-525x350.jpg 525w, http:\/\/evergreenolsztyn.com\/wp-content\/uploads\/2021\/07\/wp-1626766391307.jpg 2048w\" sizes=\"auto, (max-width: 1024px) 100vw, 1024px\" \/><\/figure>\n\n\n\n<figure class=\"wp-block-image size-large\"><img loading=\"lazy\" decoding=\"async\" width=\"683\" height=\"1024\" data-attachment-id=\"502\" data-permalink=\"http:\/\/evergreenolsztyn.com\/?attachment_id=502\" data-orig-file=\"http:\/\/evergreenolsztyn.com\/wp-content\/uploads\/2021\/07\/wp-1626766724296.jpg\" data-orig-size=\"1365,2048\" data-comments-opened=\"1\" data-image-meta=\"{&quot;aperture&quot;:&quot;0&quot;,&quot;credit&quot;:&quot;&quot;,&quot;camera&quot;:&quot;&quot;,&quot;caption&quot;:&quot;&quot;,&quot;created_timestamp&quot;:&quot;0&quot;,&quot;copyright&quot;:&quot;&quot;,&quot;focal_length&quot;:&quot;0&quot;,&quot;iso&quot;:&quot;0&quot;,&quot;shutter_speed&quot;:&quot;0&quot;,&quot;title&quot;:&quot;&quot;,&quot;orientation&quot;:&quot;0&quot;}\" data-image-title=\"Sesja biznesowa Olsztyn\" data-image-description=\"\" data-image-caption=\"&lt;p&gt;Weso\u0142a blondynka na tle czerwonych cegie\u0142&lt;\/p&gt;\n\" data-large-file=\"http:\/\/evergreenolsztyn.com\/wp-content\/uploads\/2021\/07\/wp-1626766724296-683x1024.jpg\" data-id=\"502\" src=\"https:\/\/evergreenolsztyn.com\/wp-content\/uploads\/2021\/07\/wp-1626766724296-683x1024.jpg\" alt=\"Sesja wizerunkowa w Olsztynie\" class=\"wp-image-502\" srcset=\"http:\/\/evergreenolsztyn.com\/wp-content\/uploads\/2021\/07\/wp-1626766724296-683x1024.jpg 683w, http:\/\/evergreenolsztyn.com\/wp-content\/uploads\/2021\/07\/wp-1626766724296-200x300.jpg 200w, http:\/\/evergreenolsztyn.com\/wp-content\/uploads\/2021\/07\/wp-1626766724296-768x1152.jpg 768w, http:\/\/evergreenolsztyn.com\/wp-content\/uploads\/2021\/07\/wp-1626766724296-1024x1536.jpg 1024w, http:\/\/evergreenolsztyn.com\/wp-content\/uploads\/2021\/07\/wp-1626766724296-233x350.jpg 233w, http:\/\/evergreenolsztyn.com\/wp-content\/uploads\/2021\/07\/wp-1626766724296.jpg 1365w\" sizes=\"auto, (max-width: 683px) 100vw, 683px\" \/><figcaption class=\"wp-element-caption\">Weso\u0142a blondynka na tle czerwonych cegie\u0142<\/figcaption><\/figure>\n\n\n\n<figure class=\"wp-block-image size-large\"><img loading=\"lazy\" decoding=\"async\" width=\"1024\" height=\"683\" data-attachment-id=\"504\" data-permalink=\"http:\/\/evergreenolsztyn.com\/?attachment_id=504\" data-orig-file=\"http:\/\/evergreenolsztyn.com\/wp-content\/uploads\/2021\/07\/wp-1626768095417-scaled.jpg\" data-orig-size=\"2560,1706\" data-comments-opened=\"1\" data-image-meta=\"{&quot;aperture&quot;:&quot;0&quot;,&quot;credit&quot;:&quot;&quot;,&quot;camera&quot;:&quot;&quot;,&quot;caption&quot;:&quot;&quot;,&quot;created_timestamp&quot;:&quot;0&quot;,&quot;copyright&quot;:&quot;&quot;,&quot;focal_length&quot;:&quot;0&quot;,&quot;iso&quot;:&quot;0&quot;,&quot;shutter_speed&quot;:&quot;0&quot;,&quot;title&quot;:&quot;&quot;,&quot;orientation&quot;:&quot;0&quot;}\" data-image-title=\"wp-1626768095417.jpg\" data-image-description=\"\" data-image-caption=\"\" data-large-file=\"http:\/\/evergreenolsztyn.com\/wp-content\/uploads\/2021\/07\/wp-1626768095417-1024x683.jpg\" data-id=\"504\" src=\"https:\/\/evergreenolsztyn.com\/wp-content\/uploads\/2021\/07\/wp-1626768095417-1024x683.jpg\" alt=\"\" class=\"wp-image-504\" srcset=\"http:\/\/evergreenolsztyn.com\/wp-content\/uploads\/2021\/07\/wp-1626768095417-1024x683.jpg 1024w, http:\/\/evergreenolsztyn.com\/wp-content\/uploads\/2021\/07\/wp-1626768095417-300x200.jpg 300w, http:\/\/evergreenolsztyn.com\/wp-content\/uploads\/2021\/07\/wp-1626768095417-768x512.jpg 768w, http:\/\/evergreenolsztyn.com\/wp-content\/uploads\/2021\/07\/wp-1626768095417-1536x1024.jpg 1536w, http:\/\/evergreenolsztyn.com\/wp-content\/uploads\/2021\/07\/wp-1626768095417-2048x1365.jpg 2048w, http:\/\/evergreenolsztyn.com\/wp-content\/uploads\/2021\/07\/wp-1626768095417-525x350.jpg 525w\" sizes=\"auto, (max-width: 1024px) 100vw, 1024px\" \/><\/figure>\n\n\n\n<figure class=\"wp-block-image size-large\"><img loading=\"lazy\" decoding=\"async\" width=\"683\" height=\"1024\" data-attachment-id=\"507\" data-permalink=\"http:\/\/evergreenolsztyn.com\/?attachment_id=507\" data-orig-file=\"http:\/\/evergreenolsztyn.com\/wp-content\/uploads\/2021\/07\/wp-1626768327382-scaled.jpg\" data-orig-size=\"1707,2560\" data-comments-opened=\"1\" data-image-meta=\"{&quot;aperture&quot;:&quot;0&quot;,&quot;credit&quot;:&quot;&quot;,&quot;camera&quot;:&quot;&quot;,&quot;caption&quot;:&quot;&quot;,&quot;created_timestamp&quot;:&quot;0&quot;,&quot;copyright&quot;:&quot;&quot;,&quot;focal_length&quot;:&quot;0&quot;,&quot;iso&quot;:&quot;0&quot;,&quot;shutter_speed&quot;:&quot;0&quot;,&quot;title&quot;:&quot;&quot;,&quot;orientation&quot;:&quot;0&quot;}\" data-image-title=\"Dziewczynka w \u015bnie\u017cnobia\u0142ej aran\u017cacji \u015bwi\u0105tecznej\" data-image-description=\"&lt;p&gt;\u015awi\u0119ta w bieli sesja Olsztyn&lt;\/p&gt;\n\" data-image-caption=\"&lt;p&gt;\u015awi\u0119ta bieli i jasno\u015bci Olsztyn&lt;\/p&gt;\n\" data-large-file=\"http:\/\/evergreenolsztyn.com\/wp-content\/uploads\/2021\/07\/wp-1626768327382-683x1024.jpg\" data-id=\"507\" src=\"https:\/\/evergreenolsztyn.com\/wp-content\/uploads\/2021\/07\/wp-1626768327382-683x1024.jpg\" alt=\"\u015awietlista scenka \u015bwi\u0105teczna Olsztyn\" class=\"wp-image-507\" srcset=\"http:\/\/evergreenolsztyn.com\/wp-content\/uploads\/2021\/07\/wp-1626768327382-683x1024.jpg 683w, http:\/\/evergreenolsztyn.com\/wp-content\/uploads\/2021\/07\/wp-1626768327382-200x300.jpg 200w, http:\/\/evergreenolsztyn.com\/wp-content\/uploads\/2021\/07\/wp-1626768327382-768x1152.jpg 768w, http:\/\/evergreenolsztyn.com\/wp-content\/uploads\/2021\/07\/wp-1626768327382-1024x1536.jpg 1024w, http:\/\/evergreenolsztyn.com\/wp-content\/uploads\/2021\/07\/wp-1626768327382-1366x2048.jpg 1366w, http:\/\/evergreenolsztyn.com\/wp-content\/uploads\/2021\/07\/wp-1626768327382-233x350.jpg 233w, http:\/\/evergreenolsztyn.com\/wp-content\/uploads\/2021\/07\/wp-1626768327382-scaled.jpg 1707w\" sizes=\"auto, (max-width: 683px) 100vw, 683px\" \/><figcaption class=\"wp-element-caption\">\u015awi\u0119ta bieli i jasno\u015bci Olsztyn<\/figcaption><\/figure>\n\n\n\n<figure class=\"wp-block-image size-large\"><img loading=\"lazy\" decoding=\"async\" width=\"683\" height=\"1024\" data-attachment-id=\"509\" data-permalink=\"http:\/\/evergreenolsztyn.com\/?attachment_id=509\" data-orig-file=\"http:\/\/evergreenolsztyn.com\/wp-content\/uploads\/2021\/07\/wp-1626768420268-scaled.jpg\" data-orig-size=\"1706,2560\" data-comments-opened=\"1\" data-image-meta=\"{&quot;aperture&quot;:&quot;0&quot;,&quot;credit&quot;:&quot;&quot;,&quot;camera&quot;:&quot;&quot;,&quot;caption&quot;:&quot;&quot;,&quot;created_timestamp&quot;:&quot;0&quot;,&quot;copyright&quot;:&quot;&quot;,&quot;focal_length&quot;:&quot;0&quot;,&quot;iso&quot;:&quot;0&quot;,&quot;shutter_speed&quot;:&quot;0&quot;,&quot;title&quot;:&quot;&quot;,&quot;orientation&quot;:&quot;0&quot;}\" data-image-title=\"wp-1626768420268\" data-image-description=\"\" data-image-caption=\"\" data-large-file=\"http:\/\/evergreenolsztyn.com\/wp-content\/uploads\/2021\/07\/wp-1626768420268-683x1024.jpg\" data-id=\"509\" src=\"https:\/\/evergreenolsztyn.com\/wp-content\/uploads\/2021\/07\/wp-1626768420268-683x1024.jpg\" alt=\"\" class=\"wp-image-509\" srcset=\"http:\/\/evergreenolsztyn.com\/wp-content\/uploads\/2021\/07\/wp-1626768420268-683x1024.jpg 683w, http:\/\/evergreenolsztyn.com\/wp-content\/uploads\/2021\/07\/wp-1626768420268-200x300.jpg 200w, http:\/\/evergreenolsztyn.com\/wp-content\/uploads\/2021\/07\/wp-1626768420268-768x1152.jpg 768w, http:\/\/evergreenolsztyn.com\/wp-content\/uploads\/2021\/07\/wp-1626768420268-1024x1536.jpg 1024w, http:\/\/evergreenolsztyn.com\/wp-content\/uploads\/2021\/07\/wp-1626768420268-1365x2048.jpg 1365w, http:\/\/evergreenolsztyn.com\/wp-content\/uploads\/2021\/07\/wp-1626768420268-233x350.jpg 233w, http:\/\/evergreenolsztyn.com\/wp-content\/uploads\/2021\/07\/wp-1626768420268-scaled.jpg 1706w\" sizes=\"auto, (max-width: 683px) 100vw, 683px\" \/><\/figure>\n\n\n\n<figure class=\"wp-block-image size-large\"><img loading=\"lazy\" decoding=\"async\" width=\"683\" height=\"1024\" data-attachment-id=\"521\" data-permalink=\"http:\/\/evergreenolsztyn.com\/?attachment_id=521\" data-orig-file=\"http:\/\/evergreenolsztyn.com\/wp-content\/uploads\/2021\/07\/wp-1626768658605.jpg\" data-orig-size=\"1366,2048\" data-comments-opened=\"1\" data-image-meta=\"{&quot;aperture&quot;:&quot;0&quot;,&quot;credit&quot;:&quot;&quot;,&quot;camera&quot;:&quot;&quot;,&quot;caption&quot;:&quot;&quot;,&quot;created_timestamp&quot;:&quot;0&quot;,&quot;copyright&quot;:&quot;&quot;,&quot;focal_length&quot;:&quot;0&quot;,&quot;iso&quot;:&quot;0&quot;,&quot;shutter_speed&quot;:&quot;0&quot;,&quot;title&quot;:&quot;&quot;,&quot;orientation&quot;:&quot;0&quot;}\" data-image-title=\"wp-1626768658605.jpg\" data-image-description=\"\" data-image-caption=\"\" data-large-file=\"http:\/\/evergreenolsztyn.com\/wp-content\/uploads\/2021\/07\/wp-1626768658605-683x1024.jpg\" data-id=\"521\" src=\"https:\/\/evergreenolsztyn.com\/wp-content\/uploads\/2021\/07\/wp-1626768658605-683x1024.jpg\" alt=\"\" class=\"wp-image-521\" srcset=\"http:\/\/evergreenolsztyn.com\/wp-content\/uploads\/2021\/07\/wp-1626768658605-683x1024.jpg 683w, http:\/\/evergreenolsztyn.com\/wp-content\/uploads\/2021\/07\/wp-1626768658605-200x300.jpg 200w, http:\/\/evergreenolsztyn.com\/wp-content\/uploads\/2021\/07\/wp-1626768658605-768x1151.jpg 768w, http:\/\/evergreenolsztyn.com\/wp-content\/uploads\/2021\/07\/wp-1626768658605-1025x1536.jpg 1025w, http:\/\/evergreenolsztyn.com\/wp-content\/uploads\/2021\/07\/wp-1626768658605-233x350.jpg 233w, http:\/\/evergreenolsztyn.com\/wp-content\/uploads\/2021\/07\/wp-1626768658605.jpg 1366w\" sizes=\"auto, (max-width: 683px) 100vw, 683px\" \/><\/figure>\n\n\n\n<figure class=\"wp-block-image size-large\"><img loading=\"lazy\" decoding=\"async\" width=\"683\" height=\"1024\" data-attachment-id=\"579\" data-permalink=\"http:\/\/evergreenolsztyn.com\/?attachment_id=579\" data-orig-file=\"http:\/\/evergreenolsztyn.com\/wp-content\/uploads\/2022\/12\/gosioa-mala2-scaled.jpg\" data-orig-size=\"1707,2560\" data-comments-opened=\"1\" data-image-meta=\"{&quot;aperture&quot;:&quot;3.5&quot;,&quot;credit&quot;:&quot;&quot;,&quot;camera&quot;:&quot;NIKON D7100&quot;,&quot;caption&quot;:&quot;&quot;,&quot;created_timestamp&quot;:&quot;1662224919&quot;,&quot;copyright&quot;:&quot;&quot;,&quot;focal_length&quot;:&quot;50&quot;,&quot;iso&quot;:&quot;200&quot;,&quot;shutter_speed&quot;:&quot;0.005&quot;,&quot;title&quot;:&quot;&quot;,&quot;orientation&quot;:&quot;1&quot;}\" data-image-title=\"gosioa-mala2\" data-image-description=\"\" data-image-caption=\"\" data-large-file=\"http:\/\/evergreenolsztyn.com\/wp-content\/uploads\/2022\/12\/gosioa-mala2-683x1024.jpg\" data-id=\"579\" src=\"https:\/\/evergreenolsztyn.com\/wp-content\/uploads\/2022\/12\/gosioa-mala2-683x1024.jpg\" alt=\"\" class=\"wp-image-579\" srcset=\"http:\/\/evergreenolsztyn.com\/wp-content\/uploads\/2022\/12\/gosioa-mala2-683x1024.jpg 683w, http:\/\/evergreenolsztyn.com\/wp-content\/uploads\/2022\/12\/gosioa-mala2-200x300.jpg 200w, http:\/\/evergreenolsztyn.com\/wp-content\/uploads\/2022\/12\/gosioa-mala2-768x1152.jpg 768w, http:\/\/evergreenolsztyn.com\/wp-content\/uploads\/2022\/12\/gosioa-mala2-1024x1536.jpg 1024w, http:\/\/evergreenolsztyn.com\/wp-content\/uploads\/2022\/12\/gosioa-mala2-1365x2048.jpg 1365w, http:\/\/evergreenolsztyn.com\/wp-content\/uploads\/2022\/12\/gosioa-mala2-233x350.jpg 233w, http:\/\/evergreenolsztyn.com\/wp-content\/uploads\/2022\/12\/gosioa-mala2-scaled.jpg 1707w\" sizes=\"auto, (max-width: 683px) 100vw, 683px\" \/><\/figure>\n\n\n\n<figure class=\"wp-block-image size-large\"><img loading=\"lazy\" decoding=\"async\" width=\"683\" height=\"1024\" data-attachment-id=\"697\" data-permalink=\"http:\/\/evergreenolsztyn.com\/?attachment_id=697\" data-orig-file=\"http:\/\/evergreenolsztyn.com\/wp-content\/uploads\/2023\/01\/blog15-scaled.jpg\" data-orig-size=\"1707,2560\" data-comments-opened=\"1\" data-image-meta=\"{&quot;aperture&quot;:&quot;2.2&quot;,&quot;credit&quot;:&quot;&quot;,&quot;camera&quot;:&quot;NIKON D7100&quot;,&quot;caption&quot;:&quot;&quot;,&quot;created_timestamp&quot;:&quot;982642026&quot;,&quot;copyright&quot;:&quot;&quot;,&quot;focal_length&quot;:&quot;35&quot;,&quot;iso&quot;:&quot;400&quot;,&quot;shutter_speed&quot;:&quot;0.01&quot;,&quot;title&quot;:&quot;&quot;,&quot;orientation&quot;:&quot;0&quot;}\" data-image-title=\"blog15\" data-image-description=\"\" data-image-caption=\"\" data-large-file=\"http:\/\/evergreenolsztyn.com\/wp-content\/uploads\/2023\/01\/blog15-683x1024.jpg\" data-id=\"697\" src=\"https:\/\/evergreenolsztyn.com\/wp-content\/uploads\/2023\/01\/blog15-683x1024.jpg\" alt=\"\" class=\"wp-image-697\" srcset=\"http:\/\/evergreenolsztyn.com\/wp-content\/uploads\/2023\/01\/blog15-683x1024.jpg 683w, http:\/\/evergreenolsztyn.com\/wp-content\/uploads\/2023\/01\/blog15-200x300.jpg 200w, http:\/\/evergreenolsztyn.com\/wp-content\/uploads\/2023\/01\/blog15-768x1152.jpg 768w, http:\/\/evergreenolsztyn.com\/wp-content\/uploads\/2023\/01\/blog15-1024x1536.jpg 1024w, http:\/\/evergreenolsztyn.com\/wp-content\/uploads\/2023\/01\/blog15-1366x2048.jpg 1366w, http:\/\/evergreenolsztyn.com\/wp-content\/uploads\/2023\/01\/blog15-scaled.jpg 1707w\" sizes=\"auto, (max-width: 683px) 100vw, 683px\" \/><\/figure>\n\n\n\n<figure class=\"wp-block-image size-large\"><img loading=\"lazy\" decoding=\"async\" width=\"1024\" height=\"683\" data-attachment-id=\"52\" data-permalink=\"http:\/\/evergreenolsztyn.com\/?attachment_id=52\" data-orig-file=\"http:\/\/evergreenolsztyn.com\/wp-content\/uploads\/2019\/04\/DSC_6565l.jpg\" data-orig-size=\"5240,3494\" data-comments-opened=\"1\" data-image-meta=\"{&quot;aperture&quot;:&quot;2.2&quot;,&quot;credit&quot;:&quot;&quot;,&quot;camera&quot;:&quot;NIKON D7100&quot;,&quot;caption&quot;:&quot;&quot;,&quot;created_timestamp&quot;:&quot;981403162&quot;,&quot;copyright&quot;:&quot;&quot;,&quot;focal_length&quot;:&quot;35&quot;,&quot;iso&quot;:&quot;100&quot;,&quot;shutter_speed&quot;:&quot;0.01&quot;,&quot;title&quot;:&quot;&quot;,&quot;orientation&quot;:&quot;1&quot;}\" data-image-title=\"DSC_6565l\" data-image-description=\"\" data-image-caption=\"\" data-large-file=\"http:\/\/evergreenolsztyn.com\/wp-content\/uploads\/2019\/04\/DSC_6565l-1024x683.jpg\" data-id=\"52\" src=\"https:\/\/evergreenolsztyn.com\/wp-content\/uploads\/2019\/04\/DSC_6565l-1024x683.jpg\" alt=\"\" class=\"wp-image-52\" srcset=\"http:\/\/evergreenolsztyn.com\/wp-content\/uploads\/2019\/04\/DSC_6565l-1024x683.jpg 1024w, http:\/\/evergreenolsztyn.com\/wp-content\/uploads\/2019\/04\/DSC_6565l-300x200.jpg 300w, http:\/\/evergreenolsztyn.com\/wp-content\/uploads\/2019\/04\/DSC_6565l-768x512.jpg 768w\" sizes=\"auto, (max-width: 1024px) 100vw, 1024px\" \/><\/figure>\n\n\n\n<figure class=\"wp-block-image size-large\"><img loading=\"lazy\" decoding=\"async\" width=\"1024\" height=\"683\" data-attachment-id=\"884\" data-permalink=\"http:\/\/evergreenolsztyn.com\/?attachment_id=884\" data-orig-file=\"http:\/\/evergreenolsztyn.com\/wp-content\/uploads\/2023\/02\/DSC_0153-copy-2-1-scaled.webp\" data-orig-size=\"2560,1706\" data-comments-opened=\"1\" data-image-meta=\"{&quot;aperture&quot;:&quot;0&quot;,&quot;credit&quot;:&quot;&quot;,&quot;camera&quot;:&quot;&quot;,&quot;caption&quot;:&quot;&quot;,&quot;created_timestamp&quot;:&quot;0&quot;,&quot;copyright&quot;:&quot;&quot;,&quot;focal_length&quot;:&quot;0&quot;,&quot;iso&quot;:&quot;0&quot;,&quot;shutter_speed&quot;:&quot;0&quot;,&quot;title&quot;:&quot;&quot;,&quot;orientation&quot;:&quot;0&quot;}\" data-image-title=\"DSC_0153 copy 2\" data-image-description=\"\" data-image-caption=\"\" data-large-file=\"http:\/\/evergreenolsztyn.com\/wp-content\/uploads\/2023\/02\/DSC_0153-copy-2-1-1024x683.webp\" data-id=\"884\" src=\"https:\/\/evergreenolsztyn.com\/wp-content\/uploads\/2023\/02\/DSC_0153-copy-2-1-1024x683.webp\" alt=\"\" class=\"wp-image-884\" srcset=\"http:\/\/evergreenolsztyn.com\/wp-content\/uploads\/2023\/02\/DSC_0153-copy-2-1-1024x683.webp 1024w, http:\/\/evergreenolsztyn.com\/wp-content\/uploads\/2023\/02\/DSC_0153-copy-2-1-300x200.webp 300w, http:\/\/evergreenolsztyn.com\/wp-content\/uploads\/2023\/02\/DSC_0153-copy-2-1-768x512.webp 768w\" sizes=\"auto, (max-width: 1024px) 100vw, 1024px\" \/><\/figure>\n\n\n\n<figure class=\"wp-block-image size-large\"><img loading=\"lazy\" decoding=\"async\" width=\"683\" height=\"1024\" data-attachment-id=\"878\" data-permalink=\"http:\/\/evergreenolsztyn.com\/?attachment_id=878\" data-orig-file=\"http:\/\/evergreenolsztyn.com\/wp-content\/uploads\/2023\/02\/DSC_0092-copy-2-scaled.webp\" data-orig-size=\"1707,2560\" data-comments-opened=\"1\" data-image-meta=\"{&quot;aperture&quot;:&quot;0&quot;,&quot;credit&quot;:&quot;&quot;,&quot;camera&quot;:&quot;&quot;,&quot;caption&quot;:&quot;&quot;,&quot;created_timestamp&quot;:&quot;0&quot;,&quot;copyright&quot;:&quot;&quot;,&quot;focal_length&quot;:&quot;0&quot;,&quot;iso&quot;:&quot;0&quot;,&quot;shutter_speed&quot;:&quot;0&quot;,&quot;title&quot;:&quot;&quot;,&quot;orientation&quot;:&quot;0&quot;}\" data-image-title=\"DSC_0092 copy 2\" data-image-description=\"\" data-image-caption=\"\" data-large-file=\"http:\/\/evergreenolsztyn.com\/wp-content\/uploads\/2023\/02\/DSC_0092-copy-2-683x1024.webp\" data-id=\"878\" src=\"https:\/\/evergreenolsztyn.com\/wp-content\/uploads\/2023\/02\/DSC_0092-copy-2-683x1024.webp\" alt=\"\" class=\"wp-image-878\" srcset=\"http:\/\/evergreenolsztyn.com\/wp-content\/uploads\/2023\/02\/DSC_0092-copy-2-683x1024.webp 683w, http:\/\/evergreenolsztyn.com\/wp-content\/uploads\/2023\/02\/DSC_0092-copy-2-200x300.webp 200w, http:\/\/evergreenolsztyn.com\/wp-content\/uploads\/2023\/02\/DSC_0092-copy-2-768x1152.webp 768w, http:\/\/evergreenolsztyn.com\/wp-content\/uploads\/2023\/02\/DSC_0092-copy-2-scaled.webp 1707w\" sizes=\"auto, (max-width: 683px) 100vw, 683px\" \/><\/figure>\n\n\n\n<figure class=\"wp-block-image size-large\"><img loading=\"lazy\" decoding=\"async\" width=\"683\" height=\"1024\" data-attachment-id=\"897\" data-permalink=\"http:\/\/evergreenolsztyn.com\/?attachment_id=897\" data-orig-file=\"http:\/\/evergreenolsztyn.com\/wp-content\/uploads\/2023\/02\/DSC_1434-copy-2-scaled.webp\" data-orig-size=\"1707,2560\" data-comments-opened=\"1\" data-image-meta=\"{&quot;aperture&quot;:&quot;0&quot;,&quot;credit&quot;:&quot;&quot;,&quot;camera&quot;:&quot;&quot;,&quot;caption&quot;:&quot;&quot;,&quot;created_timestamp&quot;:&quot;0&quot;,&quot;copyright&quot;:&quot;&quot;,&quot;focal_length&quot;:&quot;0&quot;,&quot;iso&quot;:&quot;0&quot;,&quot;shutter_speed&quot;:&quot;0&quot;,&quot;title&quot;:&quot;&quot;,&quot;orientation&quot;:&quot;0&quot;}\" data-image-title=\"DSC_1434 copy 2\" data-image-description=\"\" data-image-caption=\"\" data-large-file=\"http:\/\/evergreenolsztyn.com\/wp-content\/uploads\/2023\/02\/DSC_1434-copy-2-683x1024.webp\" data-id=\"897\" src=\"https:\/\/evergreenolsztyn.com\/wp-content\/uploads\/2023\/02\/DSC_1434-copy-2-683x1024.webp\" alt=\"\" class=\"wp-image-897\" srcset=\"http:\/\/evergreenolsztyn.com\/wp-content\/uploads\/2023\/02\/DSC_1434-copy-2-683x1024.webp 683w, http:\/\/evergreenolsztyn.com\/wp-content\/uploads\/2023\/02\/DSC_1434-copy-2-200x300.webp 200w, http:\/\/evergreenolsztyn.com\/wp-content\/uploads\/2023\/02\/DSC_1434-copy-2-768x1152.webp 768w, http:\/\/evergreenolsztyn.com\/wp-content\/uploads\/2023\/02\/DSC_1434-copy-2-scaled.webp 1707w\" sizes=\"auto, (max-width: 683px) 100vw, 683px\" \/><\/figure>\n\n\n\n<figure class=\"wp-block-image size-large\"><img loading=\"lazy\" decoding=\"async\" width=\"683\" height=\"1024\" data-attachment-id=\"898\" data-permalink=\"http:\/\/evergreenolsztyn.com\/?attachment_id=898\" data-orig-file=\"http:\/\/evergreenolsztyn.com\/wp-content\/uploads\/2023\/02\/DSC_1436-copy-2-scaled.webp\" data-orig-size=\"1707,2560\" data-comments-opened=\"1\" data-image-meta=\"{&quot;aperture&quot;:&quot;0&quot;,&quot;credit&quot;:&quot;&quot;,&quot;camera&quot;:&quot;&quot;,&quot;caption&quot;:&quot;&quot;,&quot;created_timestamp&quot;:&quot;0&quot;,&quot;copyright&quot;:&quot;&quot;,&quot;focal_length&quot;:&quot;0&quot;,&quot;iso&quot;:&quot;0&quot;,&quot;shutter_speed&quot;:&quot;0&quot;,&quot;title&quot;:&quot;&quot;,&quot;orientation&quot;:&quot;0&quot;}\" data-image-title=\"DSC_1436 copy 2\" data-image-description=\"\" data-image-caption=\"\" data-large-file=\"http:\/\/evergreenolsztyn.com\/wp-content\/uploads\/2023\/02\/DSC_1436-copy-2-683x1024.webp\" data-id=\"898\" src=\"https:\/\/evergreenolsztyn.com\/wp-content\/uploads\/2023\/02\/DSC_1436-copy-2-683x1024.webp\" alt=\"\" class=\"wp-image-898\" srcset=\"http:\/\/evergreenolsztyn.com\/wp-content\/uploads\/2023\/02\/DSC_1436-copy-2-683x1024.webp 683w, http:\/\/evergreenolsztyn.com\/wp-content\/uploads\/2023\/02\/DSC_1436-copy-2-200x300.webp 200w, http:\/\/evergreenolsztyn.com\/wp-content\/uploads\/2023\/02\/DSC_1436-copy-2-768x1152.webp 768w, http:\/\/evergreenolsztyn.com\/wp-content\/uploads\/2023\/02\/DSC_1436-copy-2-1024x1536.webp 1024w, http:\/\/evergreenolsztyn.com\/wp-content\/uploads\/2023\/02\/DSC_1436-copy-2-1365x2048.webp 1365w, http:\/\/evergreenolsztyn.com\/wp-content\/uploads\/2023\/02\/DSC_1436-copy-2-520x780.webp 520w, http:\/\/evergreenolsztyn.com\/wp-content\/uploads\/2023\/02\/DSC_1436-copy-2-740x1110.webp 740w, http:\/\/evergreenolsztyn.com\/wp-content\/uploads\/2023\/02\/DSC_1436-copy-2-scaled.webp 1707w\" sizes=\"auto, (max-width: 683px) 100vw, 683px\" \/><\/figure>\n\n\n\n<figure class=\"wp-block-image size-large\"><img loading=\"lazy\" decoding=\"async\" width=\"683\" height=\"1024\" data-attachment-id=\"893\" data-permalink=\"http:\/\/evergreenolsztyn.com\/?attachment_id=893\" data-orig-file=\"http:\/\/evergreenolsztyn.com\/wp-content\/uploads\/2023\/02\/DSC_0736-copy-2-scaled.webp\" data-orig-size=\"1707,2560\" data-comments-opened=\"1\" data-image-meta=\"{&quot;aperture&quot;:&quot;0&quot;,&quot;credit&quot;:&quot;&quot;,&quot;camera&quot;:&quot;&quot;,&quot;caption&quot;:&quot;&quot;,&quot;created_timestamp&quot;:&quot;0&quot;,&quot;copyright&quot;:&quot;&quot;,&quot;focal_length&quot;:&quot;0&quot;,&quot;iso&quot;:&quot;0&quot;,&quot;shutter_speed&quot;:&quot;0&quot;,&quot;title&quot;:&quot;&quot;,&quot;orientation&quot;:&quot;0&quot;}\" data-image-title=\"DSC_0736 copy 2\" data-image-description=\"\" data-image-caption=\"\" data-large-file=\"http:\/\/evergreenolsztyn.com\/wp-content\/uploads\/2023\/02\/DSC_0736-copy-2-683x1024.webp\" data-id=\"893\" src=\"https:\/\/evergreenolsztyn.com\/wp-content\/uploads\/2023\/02\/DSC_0736-copy-2-683x1024.webp\" alt=\"\" class=\"wp-image-893\" srcset=\"http:\/\/evergreenolsztyn.com\/wp-content\/uploads\/2023\/02\/DSC_0736-copy-2-683x1024.webp 683w, http:\/\/evergreenolsztyn.com\/wp-content\/uploads\/2023\/02\/DSC_0736-copy-2-200x300.webp 200w, http:\/\/evergreenolsztyn.com\/wp-content\/uploads\/2023\/02\/DSC_0736-copy-2-768x1152.webp 768w, http:\/\/evergreenolsztyn.com\/wp-content\/uploads\/2023\/02\/DSC_0736-copy-2-scaled.webp 1707w\" sizes=\"auto, (max-width: 683px) 100vw, 683px\" \/><\/figure>\n<\/figure>\n<\/div>\n\n\n\n<figure class=\"wp-block-image size-large\"><img loading=\"lazy\" decoding=\"async\" width=\"1024\" height=\"683\" data-attachment-id=\"506\" data-permalink=\"http:\/\/evergreenolsztyn.com\/?attachment_id=506\" data-orig-file=\"http:\/\/evergreenolsztyn.com\/wp-content\/uploads\/2021\/07\/wp-1626768177700-scaled.jpg\" data-orig-size=\"2560,1706\" data-comments-opened=\"1\" data-image-meta=\"{&quot;aperture&quot;:&quot;0&quot;,&quot;credit&quot;:&quot;&quot;,&quot;camera&quot;:&quot;&quot;,&quot;caption&quot;:&quot;&quot;,&quot;created_timestamp&quot;:&quot;0&quot;,&quot;copyright&quot;:&quot;&quot;,&quot;focal_length&quot;:&quot;0&quot;,&quot;iso&quot;:&quot;0&quot;,&quot;shutter_speed&quot;:&quot;0&quot;,&quot;title&quot;:&quot;&quot;,&quot;orientation&quot;:&quot;0&quot;}\" data-image-title=\"wp-1626768177700.jpg\" data-image-description=\"\" data-image-caption=\"\" data-large-file=\"http:\/\/evergreenolsztyn.com\/wp-content\/uploads\/2021\/07\/wp-1626768177700-1024x683.jpg\" src=\"https:\/\/evergreenolsztyn.com\/wp-content\/uploads\/2021\/07\/wp-1626768177700-1024x683.jpg\" alt=\"\" class=\"wp-image-506\" srcset=\"http:\/\/evergreenolsztyn.com\/wp-content\/uploads\/2021\/07\/wp-1626768177700-1024x683.jpg 1024w, http:\/\/evergreenolsztyn.com\/wp-content\/uploads\/2021\/07\/wp-1626768177700-300x200.jpg 300w, http:\/\/evergreenolsztyn.com\/wp-content\/uploads\/2021\/07\/wp-1626768177700-768x512.jpg 768w, http:\/\/evergreenolsztyn.com\/wp-content\/uploads\/2021\/07\/wp-1626768177700-1536x1024.jpg 1536w, http:\/\/evergreenolsztyn.com\/wp-content\/uploads\/2021\/07\/wp-1626768177700-2048x1365.jpg 2048w, http:\/\/evergreenolsztyn.com\/wp-content\/uploads\/2021\/07\/wp-1626768177700-525x350.jpg 525w\" sizes=\"auto, (max-width: 1024px) 100vw, 1024px\" \/><\/figure>\n\n\n\n<figure class=\"wp-block-gallery has-nested-images columns-4 is-cropped wp-block-gallery-2 is-layout-flex wp-block-gallery-is-layout-flex\">\n<figure class=\"wp-block-image size-large\"><img loading=\"lazy\" decoding=\"async\" width=\"683\" height=\"1024\" data-attachment-id=\"395\" data-permalink=\"http:\/\/evergreenolsztyn.com\/?attachment_id=395\" data-orig-file=\"http:\/\/evergreenolsztyn.com\/wp-content\/uploads\/2019\/06\/kl_2.jpg\" data-orig-size=\"3495,5243\" data-comments-opened=\"1\" data-image-meta=\"{&quot;aperture&quot;:&quot;2.8&quot;,&quot;credit&quot;:&quot;&quot;,&quot;camera&quot;:&quot;NIKON D7100&quot;,&quot;caption&quot;:&quot;&quot;,&quot;created_timestamp&quot;:&quot;989694113&quot;,&quot;copyright&quot;:&quot;&quot;,&quot;focal_length&quot;:&quot;35&quot;,&quot;iso&quot;:&quot;160&quot;,&quot;shutter_speed&quot;:&quot;0.01&quot;,&quot;title&quot;:&quot;&quot;,&quot;orientation&quot;:&quot;0&quot;}\" data-image-title=\"Sesja wizerunkowa\" data-image-description=\"\" data-image-caption=\"\" data-large-file=\"http:\/\/evergreenolsztyn.com\/wp-content\/uploads\/2019\/06\/kl_2-683x1024.jpg\" data-id=\"395\" src=\"https:\/\/evergreenolsztyn.com\/wp-content\/uploads\/2019\/06\/kl_2-683x1024.jpg\" alt=\"Sesja wizerunkowa\" class=\"wp-image-395\" srcset=\"http:\/\/evergreenolsztyn.com\/wp-content\/uploads\/2019\/06\/kl_2-683x1024.jpg 683w, http:\/\/evergreenolsztyn.com\/wp-content\/uploads\/2019\/06\/kl_2-200x300.jpg 200w, http:\/\/evergreenolsztyn.com\/wp-content\/uploads\/2019\/06\/kl_2-768x1152.jpg 768w, http:\/\/evergreenolsztyn.com\/wp-content\/uploads\/2019\/06\/kl_2-233x350.jpg 233w\" sizes=\"auto, (max-width: 683px) 100vw, 683px\" \/><\/figure>\n\n\n\n<figure class=\"wp-block-image size-large\"><img loading=\"lazy\" decoding=\"async\" width=\"683\" height=\"1024\" data-attachment-id=\"393\" data-permalink=\"http:\/\/evergreenolsztyn.com\/?attachment_id=393\" data-orig-file=\"http:\/\/evergreenolsztyn.com\/wp-content\/uploads\/2019\/06\/kl_4.jpg\" data-orig-size=\"3385,5078\" data-comments-opened=\"1\" data-image-meta=\"{&quot;aperture&quot;:&quot;2.8&quot;,&quot;credit&quot;:&quot;&quot;,&quot;camera&quot;:&quot;NIKON D7100&quot;,&quot;caption&quot;:&quot;&quot;,&quot;created_timestamp&quot;:&quot;989693627&quot;,&quot;copyright&quot;:&quot;&quot;,&quot;focal_length&quot;:&quot;35&quot;,&quot;iso&quot;:&quot;160&quot;,&quot;shutter_speed&quot;:&quot;0.01&quot;,&quot;title&quot;:&quot;&quot;,&quot;orientation&quot;:&quot;0&quot;}\" data-image-title=\"Sesja biznesowa kobieca\" data-image-description=\"\" data-image-caption=\"\" data-large-file=\"http:\/\/evergreenolsztyn.com\/wp-content\/uploads\/2019\/06\/kl_4-683x1024.jpg\" data-id=\"393\" src=\"https:\/\/evergreenolsztyn.com\/wp-content\/uploads\/2019\/06\/kl_4-683x1024.jpg\" alt=\"Kobieca sesja\" class=\"wp-image-393\" srcset=\"http:\/\/evergreenolsztyn.com\/wp-content\/uploads\/2019\/06\/kl_4-683x1024.jpg 683w, http:\/\/evergreenolsztyn.com\/wp-content\/uploads\/2019\/06\/kl_4-200x300.jpg 200w, http:\/\/evergreenolsztyn.com\/wp-content\/uploads\/2019\/06\/kl_4-768x1152.jpg 768w, http:\/\/evergreenolsztyn.com\/wp-content\/uploads\/2019\/06\/kl_4-233x350.jpg 233w\" sizes=\"auto, (max-width: 683px) 100vw, 683px\" \/><\/figure>\n\n\n\n<figure class=\"wp-block-image size-large\"><img loading=\"lazy\" decoding=\"async\" width=\"683\" height=\"1024\" data-attachment-id=\"379\" data-permalink=\"http:\/\/evergreenolsztyn.com\/?attachment_id=379\" data-orig-file=\"http:\/\/evergreenolsztyn.com\/wp-content\/uploads\/2019\/06\/DSC_7705.jpg\" data-orig-size=\"3203,4805\" data-comments-opened=\"1\" data-image-meta=\"{&quot;aperture&quot;:&quot;5&quot;,&quot;credit&quot;:&quot;&quot;,&quot;camera&quot;:&quot;NIKON D7100&quot;,&quot;caption&quot;:&quot;&quot;,&quot;created_timestamp&quot;:&quot;984963157&quot;,&quot;copyright&quot;:&quot;&quot;,&quot;focal_length&quot;:&quot;35&quot;,&quot;iso&quot;:&quot;100&quot;,&quot;shutter_speed&quot;:&quot;0.00125&quot;,&quot;title&quot;:&quot;&quot;,&quot;orientation&quot;:&quot;0&quot;}\" data-image-title=\"Para narzeczonych\" data-image-description=\"&lt;p&gt;Sesja nad jeziorem&lt;\/p&gt;\n\" data-image-caption=\"\" data-large-file=\"http:\/\/evergreenolsztyn.com\/wp-content\/uploads\/2019\/06\/DSC_7705-683x1024.jpg\" data-id=\"379\" src=\"https:\/\/evergreenolsztyn.com\/wp-content\/uploads\/2019\/06\/DSC_7705-683x1024.jpg\" alt=\"Sesja narzecze\u0144ska\" class=\"wp-image-379\" srcset=\"http:\/\/evergreenolsztyn.com\/wp-content\/uploads\/2019\/06\/DSC_7705-683x1024.jpg 683w, http:\/\/evergreenolsztyn.com\/wp-content\/uploads\/2019\/06\/DSC_7705-200x300.jpg 200w, http:\/\/evergreenolsztyn.com\/wp-content\/uploads\/2019\/06\/DSC_7705-768x1152.jpg 768w, http:\/\/evergreenolsztyn.com\/wp-content\/uploads\/2019\/06\/DSC_7705-233x350.jpg 233w\" sizes=\"auto, (max-width: 683px) 100vw, 683px\" \/><\/figure>\n\n\n\n<figure class=\"wp-block-image size-large\"><img loading=\"lazy\" decoding=\"async\" width=\"1024\" height=\"683\" data-attachment-id=\"378\" data-permalink=\"http:\/\/evergreenolsztyn.com\/?attachment_id=378\" data-orig-file=\"http:\/\/evergreenolsztyn.com\/wp-content\/uploads\/2019\/06\/DSC_7697.jpg\" data-orig-size=\"4177,2785\" data-comments-opened=\"1\" data-image-meta=\"{&quot;aperture&quot;:&quot;5&quot;,&quot;credit&quot;:&quot;&quot;,&quot;camera&quot;:&quot;NIKON D7100&quot;,&quot;caption&quot;:&quot;&quot;,&quot;created_timestamp&quot;:&quot;984963048&quot;,&quot;copyright&quot;:&quot;&quot;,&quot;focal_length&quot;:&quot;35&quot;,&quot;iso&quot;:&quot;100&quot;,&quot;shutter_speed&quot;:&quot;0.00125&quot;,&quot;title&quot;:&quot;&quot;,&quot;orientation&quot;:&quot;0&quot;}\" data-image-title=\"Para narzeczonych\" data-image-description=\"\" data-image-caption=\"\" data-large-file=\"http:\/\/evergreenolsztyn.com\/wp-content\/uploads\/2019\/06\/DSC_7697-1024x683.jpg\" data-id=\"378\" src=\"https:\/\/evergreenolsztyn.com\/wp-content\/uploads\/2019\/06\/DSC_7697-1024x683.jpg\" alt=\"Sesja narzeczonych w Olsztynie\" class=\"wp-image-378\" srcset=\"http:\/\/evergreenolsztyn.com\/wp-content\/uploads\/2019\/06\/DSC_7697-1024x683.jpg 1024w, http:\/\/evergreenolsztyn.com\/wp-content\/uploads\/2019\/06\/DSC_7697-300x200.jpg 300w, http:\/\/evergreenolsztyn.com\/wp-content\/uploads\/2019\/06\/DSC_7697-768x512.jpg 768w, http:\/\/evergreenolsztyn.com\/wp-content\/uploads\/2019\/06\/DSC_7697-525x350.jpg 525w\" sizes=\"auto, (max-width: 1024px) 100vw, 1024px\" \/><\/figure>\n\n\n\n<figure class=\"wp-block-image size-large\"><img loading=\"lazy\" decoding=\"async\" width=\"683\" height=\"1024\" data-attachment-id=\"377\" data-permalink=\"http:\/\/evergreenolsztyn.com\/?attachment_id=377\" data-orig-file=\"http:\/\/evergreenolsztyn.com\/wp-content\/uploads\/2019\/06\/DSC_7521.jpg\" data-orig-size=\"4000,6000\" data-comments-opened=\"1\" data-image-meta=\"{&quot;aperture&quot;:&quot;3.2&quot;,&quot;credit&quot;:&quot;&quot;,&quot;camera&quot;:&quot;NIKON D7100&quot;,&quot;caption&quot;:&quot;&quot;,&quot;created_timestamp&quot;:&quot;984961838&quot;,&quot;copyright&quot;:&quot;&quot;,&quot;focal_length&quot;:&quot;35&quot;,&quot;iso&quot;:&quot;100&quot;,&quot;shutter_speed&quot;:&quot;0.0004&quot;,&quot;title&quot;:&quot;&quot;,&quot;orientation&quot;:&quot;0&quot;}\" data-image-title=\"Para narzeczonych\" data-image-description=\"\" data-image-caption=\"\" data-large-file=\"http:\/\/evergreenolsztyn.com\/wp-content\/uploads\/2019\/06\/DSC_7521-683x1024.jpg\" data-id=\"377\" src=\"https:\/\/evergreenolsztyn.com\/wp-content\/uploads\/2019\/06\/DSC_7521-683x1024.jpg\" alt=\"Sesja narzecze\u0144ska nad jeziorem Krzywym\" class=\"wp-image-377\" srcset=\"http:\/\/evergreenolsztyn.com\/wp-content\/uploads\/2019\/06\/DSC_7521-683x1024.jpg 683w, http:\/\/evergreenolsztyn.com\/wp-content\/uploads\/2019\/06\/DSC_7521-200x300.jpg 200w, http:\/\/evergreenolsztyn.com\/wp-content\/uploads\/2019\/06\/DSC_7521-768x1152.jpg 768w, http:\/\/evergreenolsztyn.com\/wp-content\/uploads\/2019\/06\/DSC_7521-233x350.jpg 233w\" sizes=\"auto, (max-width: 683px) 100vw, 683px\" \/><\/figure>\n\n\n\n<figure class=\"wp-block-image size-large\"><img loading=\"lazy\" decoding=\"async\" width=\"683\" height=\"1024\" data-attachment-id=\"279\" data-permalink=\"http:\/\/evergreenolsztyn.com\/?attachment_id=279\" data-orig-file=\"http:\/\/evergreenolsztyn.com\/wp-content\/uploads\/2019\/05\/DSC_6091logom.jpg\" data-orig-size=\"1181,1771\" data-comments-opened=\"1\" data-image-meta=\"{&quot;aperture&quot;:&quot;3.5&quot;,&quot;credit&quot;:&quot;&quot;,&quot;camera&quot;:&quot;NIKON D7100&quot;,&quot;caption&quot;:&quot;&quot;,&quot;created_timestamp&quot;:&quot;979591281&quot;,&quot;copyright&quot;:&quot;&quot;,&quot;focal_length&quot;:&quot;50&quot;,&quot;iso&quot;:&quot;160&quot;,&quot;shutter_speed&quot;:&quot;0.01&quot;,&quot;title&quot;:&quot;&quot;,&quot;orientation&quot;:&quot;1&quot;}\" data-image-title=\"Sesja zdj\u0119ciowa dla dziecka\" data-image-description=\"&lt;p&gt;sesja zdj\u0119ciowa dla dziecka&lt;\/p&gt;\n\" data-image-caption=\"\" data-large-file=\"http:\/\/evergreenolsztyn.com\/wp-content\/uploads\/2019\/05\/DSC_6091logom-683x1024.jpg\" data-id=\"279\" src=\"https:\/\/evergreenolsztyn.com\/wp-content\/uploads\/2019\/05\/DSC_6091logom-683x1024.jpg\" alt=\"Dzieci\u0119ce sesje zdj\u0119ciowe\" class=\"wp-image-279\" srcset=\"http:\/\/evergreenolsztyn.com\/wp-content\/uploads\/2019\/05\/DSC_6091logom-683x1024.jpg 683w, http:\/\/evergreenolsztyn.com\/wp-content\/uploads\/2019\/05\/DSC_6091logom-200x300.jpg 200w, http:\/\/evergreenolsztyn.com\/wp-content\/uploads\/2019\/05\/DSC_6091logom-768x1152.jpg 768w, http:\/\/evergreenolsztyn.com\/wp-content\/uploads\/2019\/05\/DSC_6091logom-233x350.jpg 233w, http:\/\/evergreenolsztyn.com\/wp-content\/uploads\/2019\/05\/DSC_6091logom.jpg 1181w\" sizes=\"auto, (max-width: 683px) 100vw, 683px\" \/><\/figure>\n\n\n\n<figure class=\"wp-block-image size-large\"><img loading=\"lazy\" decoding=\"async\" width=\"640\" height=\"960\" data-attachment-id=\"307\" data-permalink=\"http:\/\/evergreenolsztyn.com\/?attachment_id=307\" data-orig-file=\"http:\/\/evergreenolsztyn.com\/wp-content\/uploads\/2019\/05\/33129646_465746893859331_1781488374943580160_n.jpg\" data-orig-size=\"640,960\" data-comments-opened=\"1\" data-image-meta=\"{&quot;aperture&quot;:&quot;0&quot;,&quot;credit&quot;:&quot;&quot;,&quot;camera&quot;:&quot;&quot;,&quot;caption&quot;:&quot;&quot;,&quot;created_timestamp&quot;:&quot;0&quot;,&quot;copyright&quot;:&quot;&quot;,&quot;focal_length&quot;:&quot;0&quot;,&quot;iso&quot;:&quot;0&quot;,&quot;shutter_speed&quot;:&quot;0&quot;,&quot;title&quot;:&quot;&quot;,&quot;orientation&quot;:&quot;0&quot;}\" data-image-title=\"33129646_465746893859331_1781488374943580160_n\" data-image-description=\"\" data-image-caption=\"\" data-large-file=\"http:\/\/evergreenolsztyn.com\/wp-content\/uploads\/2019\/05\/33129646_465746893859331_1781488374943580160_n.jpg\" data-id=\"307\" src=\"https:\/\/evergreenolsztyn.com\/wp-content\/uploads\/2019\/05\/33129646_465746893859331_1781488374943580160_n.jpg\" alt=\"Portret dziecka w okularach\" class=\"wp-image-307\" srcset=\"http:\/\/evergreenolsztyn.com\/wp-content\/uploads\/2019\/05\/33129646_465746893859331_1781488374943580160_n.jpg 640w, http:\/\/evergreenolsztyn.com\/wp-content\/uploads\/2019\/05\/33129646_465746893859331_1781488374943580160_n-200x300.jpg 200w, http:\/\/evergreenolsztyn.com\/wp-content\/uploads\/2019\/05\/33129646_465746893859331_1781488374943580160_n-233x350.jpg 233w\" sizes=\"auto, (max-width: 640px) 100vw, 640px\" \/><\/figure>\n\n\n\n<figure class=\"wp-block-image size-large\"><img loading=\"lazy\" decoding=\"async\" width=\"640\" height=\"960\" data-attachment-id=\"308\" data-permalink=\"http:\/\/evergreenolsztyn.com\/?attachment_id=308\" data-orig-file=\"http:\/\/evergreenolsztyn.com\/wp-content\/uploads\/2019\/05\/p12.jpg\" data-orig-size=\"640,960\" data-comments-opened=\"1\" data-image-meta=\"{&quot;aperture&quot;:&quot;0&quot;,&quot;credit&quot;:&quot;&quot;,&quot;camera&quot;:&quot;&quot;,&quot;caption&quot;:&quot;&quot;,&quot;created_timestamp&quot;:&quot;0&quot;,&quot;copyright&quot;:&quot;&quot;,&quot;focal_length&quot;:&quot;0&quot;,&quot;iso&quot;:&quot;0&quot;,&quot;shutter_speed&quot;:&quot;0&quot;,&quot;title&quot;:&quot;&quot;,&quot;orientation&quot;:&quot;0&quot;}\" data-image-title=\"Sesja portretowa dla nastolatek\" data-image-description=\"\" data-image-caption=\"\" data-large-file=\"http:\/\/evergreenolsztyn.com\/wp-content\/uploads\/2019\/05\/p12.jpg\" data-id=\"308\" src=\"https:\/\/evergreenolsztyn.com\/wp-content\/uploads\/2019\/05\/p12.jpg\" alt=\"Nastolatka na sesji w kapeluszu\" class=\"wp-image-308\" srcset=\"http:\/\/evergreenolsztyn.com\/wp-content\/uploads\/2019\/05\/p12.jpg 640w, http:\/\/evergreenolsztyn.com\/wp-content\/uploads\/2019\/05\/p12-200x300.jpg 200w, http:\/\/evergreenolsztyn.com\/wp-content\/uploads\/2019\/05\/p12-233x350.jpg 233w\" sizes=\"auto, (max-width: 640px) 100vw, 640px\" \/><\/figure>\n\n\n\n<figure class=\"wp-block-image size-large\"><img loading=\"lazy\" decoding=\"async\" width=\"1024\" height=\"683\" data-attachment-id=\"309\" data-permalink=\"http:\/\/evergreenolsztyn.com\/?attachment_id=309\" data-orig-file=\"http:\/\/evergreenolsztyn.com\/wp-content\/uploads\/2019\/05\/DSC_3513.jpg\" data-orig-size=\"5556,3704\" data-comments-opened=\"1\" data-image-meta=\"{&quot;aperture&quot;:&quot;4.5&quot;,&quot;credit&quot;:&quot;&quot;,&quot;camera&quot;:&quot;NIKON D7100&quot;,&quot;caption&quot;:&quot;&quot;,&quot;created_timestamp&quot;:&quot;975635635&quot;,&quot;copyright&quot;:&quot;&quot;,&quot;focal_length&quot;:&quot;50&quot;,&quot;iso&quot;:&quot;160&quot;,&quot;shutter_speed&quot;:&quot;0.01&quot;,&quot;title&quot;:&quot;&quot;,&quot;orientation&quot;:&quot;1&quot;}\" data-image-title=\"Sesja zdj\u0119ciowa ch\u0142opi\u0119ca\" data-image-description=\"\" data-image-caption=\"\" data-large-file=\"http:\/\/evergreenolsztyn.com\/wp-content\/uploads\/2019\/05\/DSC_3513-1024x683.jpg\" data-id=\"309\" src=\"https:\/\/evergreenolsztyn.com\/wp-content\/uploads\/2019\/05\/DSC_3513-1024x683.jpg\" alt=\"Ch\u0142opiec w niebieskiej koszuli\" class=\"wp-image-309\" srcset=\"http:\/\/evergreenolsztyn.com\/wp-content\/uploads\/2019\/05\/DSC_3513-1024x683.jpg 1024w, http:\/\/evergreenolsztyn.com\/wp-content\/uploads\/2019\/05\/DSC_3513-300x200.jpg 300w, http:\/\/evergreenolsztyn.com\/wp-content\/uploads\/2019\/05\/DSC_3513-768x512.jpg 768w, http:\/\/evergreenolsztyn.com\/wp-content\/uploads\/2019\/05\/DSC_3513-525x350.jpg 525w\" sizes=\"auto, (max-width: 1024px) 100vw, 1024px\" \/><\/figure>\n\n\n\n<figure class=\"wp-block-image size-large\"><img loading=\"lazy\" decoding=\"async\" width=\"1024\" height=\"683\" data-attachment-id=\"310\" data-permalink=\"http:\/\/evergreenolsztyn.com\/?attachment_id=310\" data-orig-file=\"http:\/\/evergreenolsztyn.com\/wp-content\/uploads\/2019\/05\/DSC_3922p-1.jpg\" data-orig-size=\"1311,874\" data-comments-opened=\"1\" data-image-meta=\"{&quot;aperture&quot;:&quot;5&quot;,&quot;credit&quot;:&quot;&quot;,&quot;camera&quot;:&quot;NIKON D7100&quot;,&quot;caption&quot;:&quot;&quot;,&quot;created_timestamp&quot;:&quot;975958381&quot;,&quot;copyright&quot;:&quot;&quot;,&quot;focal_length&quot;:&quot;50&quot;,&quot;iso&quot;:&quot;160&quot;,&quot;shutter_speed&quot;:&quot;0.0125&quot;,&quot;title&quot;:&quot;&quot;,&quot;orientation&quot;:&quot;1&quot;}\" data-image-title=\"Sesja zdj\u0119ciowa dla nastolatki\" data-image-description=\"\" data-image-caption=\"\" data-large-file=\"http:\/\/evergreenolsztyn.com\/wp-content\/uploads\/2019\/05\/DSC_3922p-1-1024x683.jpg\" data-id=\"310\" src=\"https:\/\/evergreenolsztyn.com\/wp-content\/uploads\/2019\/05\/DSC_3922p-1-1024x683.jpg\" alt=\"Sesja dla nastolatki\" class=\"wp-image-310\" srcset=\"http:\/\/evergreenolsztyn.com\/wp-content\/uploads\/2019\/05\/DSC_3922p-1-1024x683.jpg 1024w, http:\/\/evergreenolsztyn.com\/wp-content\/uploads\/2019\/05\/DSC_3922p-1-300x200.jpg 300w, http:\/\/evergreenolsztyn.com\/wp-content\/uploads\/2019\/05\/DSC_3922p-1-768x512.jpg 768w, http:\/\/evergreenolsztyn.com\/wp-content\/uploads\/2019\/05\/DSC_3922p-1-525x350.jpg 525w, http:\/\/evergreenolsztyn.com\/wp-content\/uploads\/2019\/05\/DSC_3922p-1.jpg 1311w\" sizes=\"auto, (max-width: 1024px) 100vw, 1024px\" \/><\/figure>\n<\/figure>\n\n\n\n<p><\/p>\n\n\n\n<figure class=\"wp-block-gallery has-nested-images columns-default is-cropped wp-block-gallery-3 is-layout-flex wp-block-gallery-is-layout-flex\">\n<figure class=\"wp-block-image size-large\"><img loading=\"lazy\" decoding=\"async\" width=\"683\" height=\"1024\" data-attachment-id=\"517\" data-permalink=\"http:\/\/evergreenolsztyn.com\/?attachment_id=517\" data-orig-file=\"http:\/\/evergreenolsztyn.com\/wp-content\/uploads\/2021\/07\/wp-1626768416560-1-scaled.jpg\" data-orig-size=\"1706,2560\" data-comments-opened=\"1\" data-image-meta=\"{&quot;aperture&quot;:&quot;0&quot;,&quot;credit&quot;:&quot;&quot;,&quot;camera&quot;:&quot;&quot;,&quot;caption&quot;:&quot;&quot;,&quot;created_timestamp&quot;:&quot;0&quot;,&quot;copyright&quot;:&quot;&quot;,&quot;focal_length&quot;:&quot;0&quot;,&quot;iso&quot;:&quot;0&quot;,&quot;shutter_speed&quot;:&quot;0&quot;,&quot;title&quot;:&quot;&quot;,&quot;orientation&quot;:&quot;0&quot;}\" data-image-title=\"Sesja \u015bwi\u0105teczna\" data-image-description=\"&lt;p&gt;Dziewczynka w zielonej sukience w \u015bwi\u0105tecznej aran\u017cacji&lt;\/p&gt;\n\" data-image-caption=\"&lt;p&gt;Dziewczynka w zielonej sukience \u015bwi\u0105tecznej aran\u017cacji&lt;\/p&gt;\n\" data-large-file=\"http:\/\/evergreenolsztyn.com\/wp-content\/uploads\/2021\/07\/wp-1626768416560-1-683x1024.jpg\" data-id=\"517\" src=\"https:\/\/evergreenolsztyn.com\/wp-content\/uploads\/2021\/07\/wp-1626768416560-1-683x1024.jpg\" alt=\"Sesja \u015bwi\u0105teczna Olsztyn\" class=\"wp-image-517\" srcset=\"http:\/\/evergreenolsztyn.com\/wp-content\/uploads\/2021\/07\/wp-1626768416560-1-683x1024.jpg 683w, http:\/\/evergreenolsztyn.com\/wp-content\/uploads\/2021\/07\/wp-1626768416560-1-200x300.jpg 200w, http:\/\/evergreenolsztyn.com\/wp-content\/uploads\/2021\/07\/wp-1626768416560-1-768x1152.jpg 768w, http:\/\/evergreenolsztyn.com\/wp-content\/uploads\/2021\/07\/wp-1626768416560-1-1024x1536.jpg 1024w, http:\/\/evergreenolsztyn.com\/wp-content\/uploads\/2021\/07\/wp-1626768416560-1-1365x2048.jpg 1365w, http:\/\/evergreenolsztyn.com\/wp-content\/uploads\/2021\/07\/wp-1626768416560-1-233x350.jpg 233w, http:\/\/evergreenolsztyn.com\/wp-content\/uploads\/2021\/07\/wp-1626768416560-1-scaled.jpg 1706w\" sizes=\"auto, (max-width: 683px) 100vw, 683px\" \/><figcaption class=\"wp-element-caption\">Dziewczynka w zielonej sukience \u015bwi\u0105tecznej aran\u017cacji<\/figcaption><\/figure>\n<\/figure>\n\n\n\n<figure class=\"wp-block-image size-large\"><img decoding=\"async\" data-attachment-id=\"496\" data-permalink=\"http:\/\/evergreenolsztyn.com\/?attachment_id=496\" data-orig-file=\"http:\/\/evergreenolsztyn.com\/wp-content\/uploads\/2021\/07\/mDSC_8933copy-Recovered.jpg\" data-orig-size=\"\" data-comments-opened=\"1\" data-image-meta=\"[]\" data-image-title=\"Dziewczynka z bzami\" data-image-description=\"&lt;p&gt;Dziewczynka z kwiatami&lt;\/p&gt;\n\" data-image-caption=\"&lt;p&gt;Dzieci\u0119ce sesje fotograficzne&lt;\/p&gt;\n\" data-large-file=\"http:\/\/evergreenolsztyn.com\/wp-content\/uploads\/2021\/07\/mDSC_8933copy-Recovered.jpg\" src=\"https:\/\/evergreenolsztyn.com\/wp-content\/uploads\/2021\/07\/mDSC_8933copy-Recovered.jpg\" alt=\"\" class=\"wp-image-496\"\/><figcaption class=\"wp-element-caption\">Dzieci\u0119ce sesje fotograficzne<\/figcaption><\/figure>\n\n\n\n<figure class=\"wp-block-image\"><img loading=\"lazy\" decoding=\"async\" width=\"1706\" height=\"2560\" data-attachment-id=\"514\" data-permalink=\"http:\/\/evergreenolsztyn.com\/?attachment_id=514\" data-orig-file=\"http:\/\/evergreenolsztyn.com\/wp-content\/uploads\/2021\/07\/wp-1626768420268-1-scaled.jpg\" data-orig-size=\"1706,2560\" data-comments-opened=\"1\" data-image-meta=\"{&quot;aperture&quot;:&quot;0&quot;,&quot;credit&quot;:&quot;&quot;,&quot;camera&quot;:&quot;&quot;,&quot;caption&quot;:&quot;&quot;,&quot;created_timestamp&quot;:&quot;0&quot;,&quot;copyright&quot;:&quot;&quot;,&quot;focal_length&quot;:&quot;0&quot;,&quot;iso&quot;:&quot;0&quot;,&quot;shutter_speed&quot;:&quot;0&quot;,&quot;title&quot;:&quot;&quot;,&quot;orientation&quot;:&quot;0&quot;}\" data-image-title=\"Sesje \u015bwi\u0105teczne w mi\u0142ej atmosferze\" data-image-description=\"&lt;p&gt;\u015awi\u0105teczny ch\u0142opiec na zielonym hotelu&lt;\/p&gt;\n\" data-image-caption=\"&lt;p&gt;Ch\u0142opiec w czerwonym swetrze na zielonym fotelu w \u015bwi\u0105tecznej aran\u017cacji&lt;\/p&gt;\n\" data-large-file=\"http:\/\/evergreenolsztyn.com\/wp-content\/uploads\/2021\/07\/wp-1626768420268-1-683x1024.jpg\" src=\"https:\/\/evergreenolsztyn.com\/wp-content\/uploads\/2021\/07\/wp-1626768420268-1-scaled.jpg\" alt=\"\" class=\"wp-image-514\" srcset=\"http:\/\/evergreenolsztyn.com\/wp-content\/uploads\/2021\/07\/wp-1626768420268-1-scaled.jpg 1706w, http:\/\/evergreenolsztyn.com\/wp-content\/uploads\/2021\/07\/wp-1626768420268-1-200x300.jpg 200w, http:\/\/evergreenolsztyn.com\/wp-content\/uploads\/2021\/07\/wp-1626768420268-1-683x1024.jpg 683w, http:\/\/evergreenolsztyn.com\/wp-content\/uploads\/2021\/07\/wp-1626768420268-1-768x1152.jpg 768w, http:\/\/evergreenolsztyn.com\/wp-content\/uploads\/2021\/07\/wp-1626768420268-1-1024x1536.jpg 1024w, http:\/\/evergreenolsztyn.com\/wp-content\/uploads\/2021\/07\/wp-1626768420268-1-1365x2048.jpg 1365w, http:\/\/evergreenolsztyn.com\/wp-content\/uploads\/2021\/07\/wp-1626768420268-1-233x350.jpg 233w\" sizes=\"auto, (max-width: 1706px) 100vw, 1706px\" \/><\/figure>\n\n\n\n<figure class=\"wp-block-image\"><img loading=\"lazy\" decoding=\"async\" width=\"1707\" height=\"2560\" data-attachment-id=\"507\" data-permalink=\"http:\/\/evergreenolsztyn.com\/?attachment_id=507\" data-orig-file=\"http:\/\/evergreenolsztyn.com\/wp-content\/uploads\/2021\/07\/wp-1626768327382-scaled.jpg\" data-orig-size=\"1707,2560\" data-comments-opened=\"1\" data-image-meta=\"{&quot;aperture&quot;:&quot;0&quot;,&quot;credit&quot;:&quot;&quot;,&quot;camera&quot;:&quot;&quot;,&quot;caption&quot;:&quot;&quot;,&quot;created_timestamp&quot;:&quot;0&quot;,&quot;copyright&quot;:&quot;&quot;,&quot;focal_length&quot;:&quot;0&quot;,&quot;iso&quot;:&quot;0&quot;,&quot;shutter_speed&quot;:&quot;0&quot;,&quot;title&quot;:&quot;&quot;,&quot;orientation&quot;:&quot;0&quot;}\" data-image-title=\"Dziewczynka w \u015bnie\u017cnobia\u0142ej aran\u017cacji \u015bwi\u0105tecznej\" data-image-description=\"&lt;p&gt;\u015awi\u0119ta w bieli sesja Olsztyn&lt;\/p&gt;\n\" data-image-caption=\"&lt;p&gt;\u015awi\u0119ta bieli i jasno\u015bci Olsztyn&lt;\/p&gt;\n\" data-large-file=\"http:\/\/evergreenolsztyn.com\/wp-content\/uploads\/2021\/07\/wp-1626768327382-683x1024.jpg\" src=\"https:\/\/evergreenolsztyn.com\/wp-content\/uploads\/2021\/07\/wp-1626768327382-scaled.jpg\" alt=\"\" class=\"wp-image-507\" srcset=\"http:\/\/evergreenolsztyn.com\/wp-content\/uploads\/2021\/07\/wp-1626768327382-scaled.jpg 1707w, http:\/\/evergreenolsztyn.com\/wp-content\/uploads\/2021\/07\/wp-1626768327382-200x300.jpg 200w, http:\/\/evergreenolsztyn.com\/wp-content\/uploads\/2021\/07\/wp-1626768327382-683x1024.jpg 683w, http:\/\/evergreenolsztyn.com\/wp-content\/uploads\/2021\/07\/wp-1626768327382-768x1152.jpg 768w, http:\/\/evergreenolsztyn.com\/wp-content\/uploads\/2021\/07\/wp-1626768327382-1024x1536.jpg 1024w, http:\/\/evergreenolsztyn.com\/wp-content\/uploads\/2021\/07\/wp-1626768327382-1366x2048.jpg 1366w, http:\/\/evergreenolsztyn.com\/wp-content\/uploads\/2021\/07\/wp-1626768327382-233x350.jpg 233w\" sizes=\"auto, (max-width: 1707px) 100vw, 1707px\" \/><\/figure>\n","protected":false},"excerpt":{"rendered":"","protected":false},"author":7,"featured_media":0,"parent":0,"menu_order":0,"comment_status":"closed","ping_status":"closed","template":"","meta":{"_uag_custom_page_level_css":"","jetpack_post_was_ever_published":false,"footnotes":""},"class_list":["post-78","page","type-page","status-publish","hentry"],"yoast_head":"<!-- This site is optimized with the Yoast SEO plugin v27.5 - https:\/\/yoast.com\/product\/yoast-seo-wordpress\/ -->\n<title>Sesje zdj\u0119ciowe dla dzieci i doros\u0142ych - Evergreen Studio Olsztyn<\/title>\n<meta name=\"description\" content=\"Evergreen Studio Olszytn, sesje zdj\u0119ciowe dla doros\u0142ych i dla dzieci w r\u00f3\u017cnej stylistyce. Zdj\u0119cia portretowe stylizowane, sesje okoliczno\u015bciowe.\" \/>\n<meta name=\"robots\" content=\"index, follow, max-snippet:-1, max-image-preview:large, max-video-preview:-1\" \/>\n<link rel=\"canonical\" href=\"http:\/\/evergreenolsztyn.com\/?page_id=78\" \/>\n<meta property=\"og:locale\" content=\"pl_PL\" \/>\n<meta property=\"og:type\" content=\"article\" \/>\n<meta property=\"og:title\" content=\"Sesje zdj\u0119ciowe dla dzieci i doros\u0142ych - Evergreen Studio Olsztyn\" \/>\n<meta property=\"og:description\" content=\"Evergreen Studio Olszytn, sesje zdj\u0119ciowe dla doros\u0142ych i dla dzieci w r\u00f3\u017cnej stylistyce. Zdj\u0119cia portretowe stylizowane, sesje okoliczno\u015bciowe.\" \/>\n<meta property=\"og:url\" content=\"http:\/\/evergreenolsztyn.com\/?page_id=78\" \/>\n<meta property=\"og:site_name\" content=\"Evergreen Studio Olsztyn\" \/>\n<meta property=\"article:modified_time\" content=\"2025-03-16T14:28:00+00:00\" \/>\n<meta property=\"og:image\" content=\"https:\/\/evergreenolsztyn.com\/wp-content\/uploads\/2019\/04\/p18.jpg\" \/>\n<meta name=\"twitter:card\" content=\"summary_large_image\" \/>\n<meta name=\"twitter:label1\" content=\"Szacowany czas czytania\" \/>\n\t<meta name=\"twitter:data1\" content=\"11 minut\" \/>\n<script type=\"application\/ld+json\" class=\"yoast-schema-graph\">{\"@context\":\"https:\\\/\\\/schema.org\",\"@graph\":[{\"@type\":\"WebPage\",\"@id\":\"http:\\\/\\\/evergreenolsztyn.com\\\/?page_id=78\",\"url\":\"http:\\\/\\\/evergreenolsztyn.com\\\/?page_id=78\",\"name\":\"Sesje zdj\u0119ciowe dla dzieci i doros\u0142ych - Evergreen Studio Olsztyn\",\"isPartOf\":{\"@id\":\"http:\\\/\\\/evergreenolsztyn.com\\\/#website\"},\"primaryImageOfPage\":{\"@id\":\"http:\\\/\\\/evergreenolsztyn.com\\\/?page_id=78#primaryimage\"},\"image\":{\"@id\":\"http:\\\/\\\/evergreenolsztyn.com\\\/?page_id=78#primaryimage\"},\"thumbnailUrl\":\"https:\\\/\\\/evergreenolsztyn.com\\\/wp-content\\\/uploads\\\/2019\\\/04\\\/p18.jpg\",\"datePublished\":\"2019-05-01T18:02:48+00:00\",\"dateModified\":\"2025-03-16T14:28:00+00:00\",\"description\":\"Evergreen Studio Olszytn, sesje zdj\u0119ciowe dla doros\u0142ych i dla dzieci w r\u00f3\u017cnej stylistyce. Zdj\u0119cia portretowe stylizowane, sesje okoliczno\u015bciowe.\",\"breadcrumb\":{\"@id\":\"http:\\\/\\\/evergreenolsztyn.com\\\/?page_id=78#breadcrumb\"},\"inLanguage\":\"pl-PL\",\"potentialAction\":[{\"@type\":\"ReadAction\",\"target\":[\"http:\\\/\\\/evergreenolsztyn.com\\\/?page_id=78\"]}]},{\"@type\":\"ImageObject\",\"inLanguage\":\"pl-PL\",\"@id\":\"http:\\\/\\\/evergreenolsztyn.com\\\/?page_id=78#primaryimage\",\"url\":\"http:\\\/\\\/evergreenolsztyn.com\\\/wp-content\\\/uploads\\\/2019\\\/04\\\/p18.jpg\",\"contentUrl\":\"http:\\\/\\\/evergreenolsztyn.com\\\/wp-content\\\/uploads\\\/2019\\\/04\\\/p18.jpg\",\"width\":640,\"height\":960,\"caption\":\"Portretowa sesja kobieca\"},{\"@type\":\"BreadcrumbList\",\"@id\":\"http:\\\/\\\/evergreenolsztyn.com\\\/?page_id=78#breadcrumb\",\"itemListElement\":[{\"@type\":\"ListItem\",\"position\":1,\"name\":\"Strona g\u0142\u00f3wna\",\"item\":\"http:\\\/\\\/evergreenolsztyn.com\\\/\"},{\"@type\":\"ListItem\",\"position\":2,\"name\":\"Galeria Portrety\"}]},{\"@type\":\"WebSite\",\"@id\":\"http:\\\/\\\/evergreenolsztyn.com\\\/#website\",\"url\":\"http:\\\/\\\/evergreenolsztyn.com\\\/\",\"name\":\"Evergreen Studio Olsztyn\",\"description\":\"Studio fotograficzne, sesje dzieci\u0119ce, rodzinne, zdj\u0119cia nieruchomo\u015b\u0107i\",\"potentialAction\":[{\"@type\":\"SearchAction\",\"target\":{\"@type\":\"EntryPoint\",\"urlTemplate\":\"http:\\\/\\\/evergreenolsztyn.com\\\/?s={search_term_string}\"},\"query-input\":{\"@type\":\"PropertyValueSpecification\",\"valueRequired\":true,\"valueName\":\"search_term_string\"}}],\"inLanguage\":\"pl-PL\"}]}<\/script>\n<!-- \/ Yoast SEO plugin. -->","yoast_head_json":{"title":"Sesje zdj\u0119ciowe dla dzieci i doros\u0142ych - Evergreen Studio Olsztyn","description":"Evergreen Studio Olszytn, sesje zdj\u0119ciowe dla doros\u0142ych i dla dzieci w r\u00f3\u017cnej stylistyce. Zdj\u0119cia portretowe stylizowane, sesje okoliczno\u015bciowe.","robots":{"index":"index","follow":"follow","max-snippet":"max-snippet:-1","max-image-preview":"max-image-preview:large","max-video-preview":"max-video-preview:-1"},"canonical":"http:\/\/evergreenolsztyn.com\/?page_id=78","og_locale":"pl_PL","og_type":"article","og_title":"Sesje zdj\u0119ciowe dla dzieci i doros\u0142ych - Evergreen Studio Olsztyn","og_description":"Evergreen Studio Olszytn, sesje zdj\u0119ciowe dla doros\u0142ych i dla dzieci w r\u00f3\u017cnej stylistyce. Zdj\u0119cia portretowe stylizowane, sesje okoliczno\u015bciowe.","og_url":"http:\/\/evergreenolsztyn.com\/?page_id=78","og_site_name":"Evergreen Studio Olsztyn","article_modified_time":"2025-03-16T14:28:00+00:00","og_image":[{"url":"https:\/\/evergreenolsztyn.com\/wp-content\/uploads\/2019\/04\/p18.jpg","type":"","width":"","height":""}],"twitter_card":"summary_large_image","twitter_misc":{"Szacowany czas czytania":"11 minut"},"schema":{"@context":"https:\/\/schema.org","@graph":[{"@type":"WebPage","@id":"http:\/\/evergreenolsztyn.com\/?page_id=78","url":"http:\/\/evergreenolsztyn.com\/?page_id=78","name":"Sesje zdj\u0119ciowe dla dzieci i doros\u0142ych - Evergreen Studio Olsztyn","isPartOf":{"@id":"http:\/\/evergreenolsztyn.com\/#website"},"primaryImageOfPage":{"@id":"http:\/\/evergreenolsztyn.com\/?page_id=78#primaryimage"},"image":{"@id":"http:\/\/evergreenolsztyn.com\/?page_id=78#primaryimage"},"thumbnailUrl":"https:\/\/evergreenolsztyn.com\/wp-content\/uploads\/2019\/04\/p18.jpg","datePublished":"2019-05-01T18:02:48+00:00","dateModified":"2025-03-16T14:28:00+00:00","description":"Evergreen Studio Olszytn, sesje zdj\u0119ciowe dla doros\u0142ych i dla dzieci w r\u00f3\u017cnej stylistyce. Zdj\u0119cia portretowe stylizowane, sesje okoliczno\u015bciowe.","breadcrumb":{"@id":"http:\/\/evergreenolsztyn.com\/?page_id=78#breadcrumb"},"inLanguage":"pl-PL","potentialAction":[{"@type":"ReadAction","target":["http:\/\/evergreenolsztyn.com\/?page_id=78"]}]},{"@type":"ImageObject","inLanguage":"pl-PL","@id":"http:\/\/evergreenolsztyn.com\/?page_id=78#primaryimage","url":"http:\/\/evergreenolsztyn.com\/wp-content\/uploads\/2019\/04\/p18.jpg","contentUrl":"http:\/\/evergreenolsztyn.com\/wp-content\/uploads\/2019\/04\/p18.jpg","width":640,"height":960,"caption":"Portretowa sesja kobieca"},{"@type":"BreadcrumbList","@id":"http:\/\/evergreenolsztyn.com\/?page_id=78#breadcrumb","itemListElement":[{"@type":"ListItem","position":1,"name":"Strona g\u0142\u00f3wna","item":"http:\/\/evergreenolsztyn.com\/"},{"@type":"ListItem","position":2,"name":"Galeria Portrety"}]},{"@type":"WebSite","@id":"http:\/\/evergreenolsztyn.com\/#website","url":"http:\/\/evergreenolsztyn.com\/","name":"Evergreen Studio Olsztyn","description":"Studio fotograficzne, sesje dzieci\u0119ce, rodzinne, zdj\u0119cia nieruchomo\u015b\u0107i","potentialAction":[{"@type":"SearchAction","target":{"@type":"EntryPoint","urlTemplate":"http:\/\/evergreenolsztyn.com\/?s={search_term_string}"},"query-input":{"@type":"PropertyValueSpecification","valueRequired":true,"valueName":"search_term_string"}}],"inLanguage":"pl-PL"}]}},"uagb_featured_image_src":{"full":false,"thumbnail":false,"medium":false,"medium_large":false,"large":false,"1536x1536":false,"2048x2048":false,"oria-carousel":false,"oria-small-thumb":false,"oria-large-thumb":false},"uagb_author_info":{"display_name":"Rados\u0142aw","author_link":"http:\/\/evergreenolsztyn.com\/?author=7"},"uagb_comment_info":0,"uagb_excerpt":null,"jetpack_sharing_enabled":true,"jetpack_shortlink":"https:\/\/wp.me\/PaWyYL-1g","_links":{"self":[{"href":"http:\/\/evergreenolsztyn.com\/index.php?rest_route=\/wp\/v2\/pages\/78","targetHints":{"allow":["GET"]}}],"collection":[{"href":"http:\/\/evergreenolsztyn.com\/index.php?rest_route=\/wp\/v2\/pages"}],"about":[{"href":"http:\/\/evergreenolsztyn.com\/index.php?rest_route=\/wp\/v2\/types\/page"}],"author":[{"embeddable":true,"href":"http:\/\/evergreenolsztyn.com\/index.php?rest_route=\/wp\/v2\/users\/7"}],"replies":[{"embeddable":true,"href":"http:\/\/evergreenolsztyn.com\/index.php?rest_route=%2Fwp%2Fv2%2Fcomments&post=78"}],"version-history":[{"count":32,"href":"http:\/\/evergreenolsztyn.com\/index.php?rest_route=\/wp\/v2\/pages\/78\/revisions"}],"predecessor-version":[{"id":1192,"href":"http:\/\/evergreenolsztyn.com\/index.php?rest_route=\/wp\/v2\/pages\/78\/revisions\/1192"}],"wp:attachment":[{"href":"http:\/\/evergreenolsztyn.com\/index.php?rest_route=%2Fwp%2Fv2%2Fmedia&parent=78"}],"curies":[{"name":"wp","href":"https:\/\/api.w.org\/{rel}","templated":true}]}}