{"id":461,"date":"2019-08-31T20:35:22","date_gmt":"2019-08-31T20:35:22","guid":{"rendered":"http:\/\/evergreenolsztyn.com\/?page_id=461"},"modified":"2025-09-27T17:33:57","modified_gmt":"2025-09-27T15:33:57","slug":"mini-sesja-swiateczna-w-evergreen-studio-olsztyn","status":"publish","type":"page","link":"http:\/\/evergreenolsztyn.com\/?page_id=461","title":{"rendered":"Sesje \u015bwi\u0105teczne w Evergreen Studio"},"content":{"rendered":"\n<p>Jak co roku organizujemy Sesje \u015bwi\u0105teczne w Evergreen Studio Olsztyn  Ju\u017c kolejny sezony spotykamy si\u0119 na naszych scenkach \u015bwi\u0105tecznych, czasem ca\u0142ymi rodzinami, czasem same dzieci s\u0105 bohaterami sesji.<\/p>\n\n\n\n<figure class=\"wp-block-image size-full is-resized\"><a href=\"http:\/\/evergreenolsztyn.com\/wp-content\/uploads\/2022\/12\/mockvanva.jpeg\"><img loading=\"lazy\" decoding=\"async\" width=\"940\" height=\"788\" data-attachment-id=\"581\" data-permalink=\"http:\/\/evergreenolsztyn.com\/?attachment_id=581\" data-orig-file=\"http:\/\/evergreenolsztyn.com\/wp-content\/uploads\/2022\/12\/mockvanva.jpeg\" data-orig-size=\"940,788\" data-comments-opened=\"1\" data-image-meta=\"{&quot;aperture&quot;:&quot;0&quot;,&quot;credit&quot;:&quot;&quot;,&quot;camera&quot;:&quot;&quot;,&quot;caption&quot;:&quot;&quot;,&quot;created_timestamp&quot;:&quot;0&quot;,&quot;copyright&quot;:&quot;&quot;,&quot;focal_length&quot;:&quot;0&quot;,&quot;iso&quot;:&quot;0&quot;,&quot;shutter_speed&quot;:&quot;0&quot;,&quot;title&quot;:&quot;&quot;,&quot;orientation&quot;:&quot;1&quot;}\" data-image-title=\"\u015awi\u0105teczne sesje w Evergreen Studio Olsztyn\" data-image-description=\"&lt;p&gt;Sesje \u015bwi\u0105teczne w Evergreen Studio Olsztyn&lt;\/p&gt;\n\" data-image-caption=\"&lt;p&gt;Sesje \u015bwi\u0105teczne w Evergreen Studio Olsztyn&lt;\/p&gt;\n\" data-large-file=\"http:\/\/evergreenolsztyn.com\/wp-content\/uploads\/2022\/12\/mockvanva.jpeg\" src=\"http:\/\/evergreenolsztyn.com\/wp-content\/uploads\/2022\/12\/mockvanva.jpeg\" alt=\"Zestaw zdj\u0119\u0107 z sesji \u015bwi\u0105tecznych.\" class=\"wp-image-581\" style=\"width:423px;height:355px\" srcset=\"http:\/\/evergreenolsztyn.com\/wp-content\/uploads\/2022\/12\/mockvanva.jpeg 940w, http:\/\/evergreenolsztyn.com\/wp-content\/uploads\/2022\/12\/mockvanva-300x251.jpeg 300w, http:\/\/evergreenolsztyn.com\/wp-content\/uploads\/2022\/12\/mockvanva-768x644.jpeg 768w, http:\/\/evergreenolsztyn.com\/wp-content\/uploads\/2022\/12\/mockvanva-418x350.jpeg 418w\" sizes=\"auto, (max-width: 940px) 100vw, 940px\" \/><\/a><figcaption class=\"wp-element-caption\">Sesje \u015bwi\u0105teczne w Evergreen Studio Olsztyn<\/figcaption><\/figure>\n\n\n\n<p>Mini sesja \u015bwi\u0105teczna w Evergreen Studio Olsztyn &nbsp;mo\u017ce by\u0107 potraktowana jako \u015bwietny pocz\u0105tek przygotowa\u0144 do \u015awi\u0105t, gdy\u017c gdy czekamy na moment, kiedy zaczynaj\u0105 pojawia\u0107 si\u0119 w naszych domach ozdoby \u015bwi\u0105teczne, zapachy, kolory, to gdy spotykamy si\u0119 przed obiektywem, aran\u017cacje scenek daj\u0105 w\u0142a\u015bnie taki mi\u0142y mi\u0142y wst\u0119p do tego czasu. Staramy si\u0119 by ca\u0142a atmosfera podczas spotkania przed obiektywem by\u0142a ju\u017c odpowiednio, przyja\u017anie zaaran\u017cowana. <\/p>\n\n\n\n<p>Rodzinne spotkanie mo\u017ce by\u0107 fajn\u0105 przygod\u0105 i jedn\u0105 z punkt\u00f3w obowi\u0105zkowych&nbsp;czekania na ten mi\u0142y czas., dlatego, \u017ce efektem naszych sesji s\u0105 niezwykle urokliwe, poniewa\u017c, wywo\u0142ane w bardzo wysokiej rozdzielczo\u015bci fotografie, kt\u00f3re zwykle s\u0105 wspania\u0142ym prezentem  zapakowanym w eleganckie opakowanie, kt\u00f3ry mo\u017cemy podarowa\u0107 np. dla dziadk\u00f3w. <\/p>\n\n\n\n<h3 class=\"wp-block-heading\">Serdecznie zapraszam do rezerwacji termin\u00f3w na mini sesje \u015bwi\u0105teczne w Evergreen Studio <br>W tym roku nasz spotkanie przed obiektywem b\u0119d\u0105 odbywa\u0142y si\u0119 w r\u00f3\u017cnych  terminach, najcz\u0119\u015bciej w weekendy w pa\u017adzierniku i listopadzie <br>sesje w pa\u017adzierniku  &#8211; w cenie 750,00 z\u0142 , w listopadzie w cenie 850,00 z\u0142<br>Miejsce -Olsztyn, os. Podle\u015bna,  <\/h3>\n\n\n\n<p><\/p>\n\n\n\n<h4 class=\"wp-block-heading\">Sesja obejmuje:<br>Dwie  stylizacje \u2013  Czas trwania sesji \u2013 do 30 minut,<br>Stali klienci 12 obrobionych zdj\u0119\u0107 wys\u0142anych na maila oraz wywo\u0142anych w formacie 13&#215;18 lub 15&#215;20,  Nowi klienci 10 obrobionych zdj\u0119\u0107 wys\u0142anych na maila oraz wywo\u0142anych w formacie 13&#215;18 lub 15&#215;21 <br>Nast\u0119pne dodatkowe zdj\u0119cie w wersji elektronicznej \u2013 60 z\u0142<\/h4>\n\n\n\n<p>Zapisy mailowo \u2013 evergreen.poczta@gmail.com lub telefonicznie 668453005 Ilo\u015b\u0107 miejsc jest ograniczona\/ <br>*** oferta dotyczy maluszk\u00f3w powy\u017cej 8 miesi\u0105ca***<\/p>\n\n\n\n<p>Rezerwacja terminu odb\u0119dzie si\u0119 poprzez wp\u0142at\u0119 BEZZWROTNEGO ZADATKU w kwocie 100z\u0142. <\/p>\n\n\n\n<p>*Regulamin sesji wraz z informatorem jak przygotowa\u0107 si\u0119 do sesji zostanie przes\u0142any w tygodniu poprzedzaj\u0105cym sesj\u0119;<\/p>\n\n\n\n<p>Zach\u0119camy do zajrzenia na <a href=\"https:\/\/www.facebook.com\/EvergreenStudioOlsztynFotografia\">nasze poprzednie realizacje r\u00f3\u017cnego rodzaju sesji<\/a><\/p>\n\n\n\n<p><\/p>\n\n\n\n<div class=\"wp-block-columns is-layout-flex wp-container-core-columns-is-layout-9d6595d7 wp-block-columns-is-layout-flex\">\n<div class=\"wp-block-column is-layout-flow wp-block-column-is-layout-flow\" style=\"flex-basis:100%\">\n<figure class=\"wp-block-gallery has-nested-images columns-default is-cropped is-style-rectangular wp-block-gallery-1 is-layout-flex wp-block-gallery-is-layout-flex\">\n<figure class=\"wp-block-image size-large\"><img loading=\"lazy\" decoding=\"async\" width=\"683\" height=\"1024\" data-attachment-id=\"517\" data-permalink=\"http:\/\/evergreenolsztyn.com\/?attachment_id=517\" data-orig-file=\"http:\/\/evergreenolsztyn.com\/wp-content\/uploads\/2021\/07\/wp-1626768416560-1-scaled.jpg\" data-orig-size=\"1706,2560\" data-comments-opened=\"1\" data-image-meta=\"{&quot;aperture&quot;:&quot;0&quot;,&quot;credit&quot;:&quot;&quot;,&quot;camera&quot;:&quot;&quot;,&quot;caption&quot;:&quot;&quot;,&quot;created_timestamp&quot;:&quot;0&quot;,&quot;copyright&quot;:&quot;&quot;,&quot;focal_length&quot;:&quot;0&quot;,&quot;iso&quot;:&quot;0&quot;,&quot;shutter_speed&quot;:&quot;0&quot;,&quot;title&quot;:&quot;&quot;,&quot;orientation&quot;:&quot;0&quot;}\" data-image-title=\"Sesja \u015bwi\u0105teczna\" data-image-description=\"&lt;p&gt;Dziewczynka w zielonej sukience w \u015bwi\u0105tecznej aran\u017cacji&lt;\/p&gt;\n\" data-image-caption=\"&lt;p&gt;Dziewczynka w zielonej sukience \u015bwi\u0105tecznej aran\u017cacji&lt;\/p&gt;\n\" data-large-file=\"http:\/\/evergreenolsztyn.com\/wp-content\/uploads\/2021\/07\/wp-1626768416560-1-683x1024.jpg\" data-id=\"517\" src=\"https:\/\/evergreenolsztyn.com\/wp-content\/uploads\/2021\/07\/wp-1626768416560-1-683x1024.jpg\" alt=\"Sesja \u015bwi\u0105teczna Olsztyn\" class=\"wp-image-517\" srcset=\"http:\/\/evergreenolsztyn.com\/wp-content\/uploads\/2021\/07\/wp-1626768416560-1-683x1024.jpg 683w, http:\/\/evergreenolsztyn.com\/wp-content\/uploads\/2021\/07\/wp-1626768416560-1-200x300.jpg 200w, http:\/\/evergreenolsztyn.com\/wp-content\/uploads\/2021\/07\/wp-1626768416560-1-768x1152.jpg 768w, http:\/\/evergreenolsztyn.com\/wp-content\/uploads\/2021\/07\/wp-1626768416560-1-1024x1536.jpg 1024w, http:\/\/evergreenolsztyn.com\/wp-content\/uploads\/2021\/07\/wp-1626768416560-1-1365x2048.jpg 1365w, http:\/\/evergreenolsztyn.com\/wp-content\/uploads\/2021\/07\/wp-1626768416560-1-233x350.jpg 233w, http:\/\/evergreenolsztyn.com\/wp-content\/uploads\/2021\/07\/wp-1626768416560-1-scaled.jpg 1706w\" sizes=\"auto, (max-width: 683px) 100vw, 683px\" \/><figcaption class=\"wp-element-caption\">Dziewczynka w zielonej sukience \u015bwi\u0105tecznej aran\u017cacji<\/figcaption><\/figure>\n\n\n\n<figure class=\"wp-block-image size-large\"><img loading=\"lazy\" decoding=\"async\" width=\"683\" height=\"1024\" data-attachment-id=\"918\" data-permalink=\"http:\/\/evergreenolsztyn.com\/?attachment_id=918\" data-orig-file=\"http:\/\/evergreenolsztyn.com\/wp-content\/uploads\/2023\/02\/DSC_4464-Edit-copy-scaled.jpg\" data-orig-size=\"1706,2560\" data-comments-opened=\"1\" data-image-meta=\"{&quot;aperture&quot;:&quot;3.5&quot;,&quot;credit&quot;:&quot;&quot;,&quot;camera&quot;:&quot;NIKON D7100&quot;,&quot;caption&quot;:&quot;&quot;,&quot;created_timestamp&quot;:&quot;1670689377&quot;,&quot;copyright&quot;:&quot;&quot;,&quot;focal_length&quot;:&quot;35&quot;,&quot;iso&quot;:&quot;500&quot;,&quot;shutter_speed&quot;:&quot;0.008&quot;,&quot;title&quot;:&quot;&quot;,&quot;orientation&quot;:&quot;1&quot;}\" data-image-title=\"DSC_4464-Edit copy\" data-image-description=\"\" data-image-caption=\"\" data-large-file=\"http:\/\/evergreenolsztyn.com\/wp-content\/uploads\/2023\/02\/DSC_4464-Edit-copy-683x1024.jpg\" data-id=\"918\" src=\"https:\/\/evergreenolsztyn.com\/wp-content\/uploads\/2023\/02\/DSC_4464-Edit-copy-683x1024.jpg\" alt=\"\" class=\"wp-image-918\" srcset=\"http:\/\/evergreenolsztyn.com\/wp-content\/uploads\/2023\/02\/DSC_4464-Edit-copy-683x1024.jpg 683w, http:\/\/evergreenolsztyn.com\/wp-content\/uploads\/2023\/02\/DSC_4464-Edit-copy-200x300.jpg 200w, http:\/\/evergreenolsztyn.com\/wp-content\/uploads\/2023\/02\/DSC_4464-Edit-copy-768x1152.jpg 768w, http:\/\/evergreenolsztyn.com\/wp-content\/uploads\/2023\/02\/DSC_4464-Edit-copy-1024x1536.jpg 1024w, http:\/\/evergreenolsztyn.com\/wp-content\/uploads\/2023\/02\/DSC_4464-Edit-copy-1365x2048.jpg 1365w, http:\/\/evergreenolsztyn.com\/wp-content\/uploads\/2023\/02\/DSC_4464-Edit-copy-520x780.jpg 520w, http:\/\/evergreenolsztyn.com\/wp-content\/uploads\/2023\/02\/DSC_4464-Edit-copy-740x1110.jpg 740w, http:\/\/evergreenolsztyn.com\/wp-content\/uploads\/2023\/02\/DSC_4464-Edit-copy-scaled.jpg 1706w\" sizes=\"auto, (max-width: 683px) 100vw, 683px\" \/><\/figure>\n\n\n\n<figure class=\"wp-block-image size-large\"><img loading=\"lazy\" decoding=\"async\" width=\"1024\" height=\"683\" data-attachment-id=\"917\" data-permalink=\"http:\/\/evergreenolsztyn.com\/?attachment_id=917\" data-orig-file=\"http:\/\/evergreenolsztyn.com\/wp-content\/uploads\/2023\/02\/DSC_4353-Edit-copy-scaled.jpg\" data-orig-size=\"2560,1707\" data-comments-opened=\"1\" data-image-meta=\"{&quot;aperture&quot;:&quot;4.5&quot;,&quot;credit&quot;:&quot;&quot;,&quot;camera&quot;:&quot;NIKON D7100&quot;,&quot;caption&quot;:&quot;&quot;,&quot;created_timestamp&quot;:&quot;1670688608&quot;,&quot;copyright&quot;:&quot;&quot;,&quot;focal_length&quot;:&quot;35&quot;,&quot;iso&quot;:&quot;500&quot;,&quot;shutter_speed&quot;:&quot;0.008&quot;,&quot;title&quot;:&quot;&quot;,&quot;orientation&quot;:&quot;1&quot;}\" data-image-title=\"DSC_4353-Edit copy\" data-image-description=\"\" data-image-caption=\"\" data-large-file=\"http:\/\/evergreenolsztyn.com\/wp-content\/uploads\/2023\/02\/DSC_4353-Edit-copy-1024x683.jpg\" data-id=\"917\" src=\"https:\/\/evergreenolsztyn.com\/wp-content\/uploads\/2023\/02\/DSC_4353-Edit-copy-1024x683.jpg\" alt=\"\" class=\"wp-image-917\" srcset=\"http:\/\/evergreenolsztyn.com\/wp-content\/uploads\/2023\/02\/DSC_4353-Edit-copy-1024x683.jpg 1024w, http:\/\/evergreenolsztyn.com\/wp-content\/uploads\/2023\/02\/DSC_4353-Edit-copy-300x200.jpg 300w, http:\/\/evergreenolsztyn.com\/wp-content\/uploads\/2023\/02\/DSC_4353-Edit-copy-768x512.jpg 768w\" sizes=\"auto, (max-width: 1024px) 100vw, 1024px\" \/><\/figure>\n\n\n\n<figure class=\"wp-block-image size-large\"><img loading=\"lazy\" decoding=\"async\" width=\"1024\" height=\"683\" data-attachment-id=\"916\" data-permalink=\"http:\/\/evergreenolsztyn.com\/?attachment_id=916\" data-orig-file=\"http:\/\/evergreenolsztyn.com\/wp-content\/uploads\/2023\/02\/DSC_4234-Edit-copy-scaled.jpg\" data-orig-size=\"2560,1707\" data-comments-opened=\"1\" data-image-meta=\"{&quot;aperture&quot;:&quot;3.5&quot;,&quot;credit&quot;:&quot;&quot;,&quot;camera&quot;:&quot;NIKON D7100&quot;,&quot;caption&quot;:&quot;&quot;,&quot;created_timestamp&quot;:&quot;1670688215&quot;,&quot;copyright&quot;:&quot;&quot;,&quot;focal_length&quot;:&quot;35&quot;,&quot;iso&quot;:&quot;500&quot;,&quot;shutter_speed&quot;:&quot;0.008&quot;,&quot;title&quot;:&quot;&quot;,&quot;orientation&quot;:&quot;1&quot;}\" data-image-title=\"DSC_4234-Edit copy\" data-image-description=\"\" data-image-caption=\"\" data-large-file=\"http:\/\/evergreenolsztyn.com\/wp-content\/uploads\/2023\/02\/DSC_4234-Edit-copy-1024x683.jpg\" data-id=\"916\" src=\"https:\/\/evergreenolsztyn.com\/wp-content\/uploads\/2023\/02\/DSC_4234-Edit-copy-1024x683.jpg\" alt=\"\" class=\"wp-image-916\" srcset=\"http:\/\/evergreenolsztyn.com\/wp-content\/uploads\/2023\/02\/DSC_4234-Edit-copy-1024x683.jpg 1024w, http:\/\/evergreenolsztyn.com\/wp-content\/uploads\/2023\/02\/DSC_4234-Edit-copy-300x200.jpg 300w, http:\/\/evergreenolsztyn.com\/wp-content\/uploads\/2023\/02\/DSC_4234-Edit-copy-768x512.jpg 768w, http:\/\/evergreenolsztyn.com\/wp-content\/uploads\/2023\/02\/DSC_4234-Edit-copy-1536x1024.jpg 1536w, http:\/\/evergreenolsztyn.com\/wp-content\/uploads\/2023\/02\/DSC_4234-Edit-copy-2048x1365.jpg 2048w, http:\/\/evergreenolsztyn.com\/wp-content\/uploads\/2023\/02\/DSC_4234-Edit-copy-390x260.jpg 390w, http:\/\/evergreenolsztyn.com\/wp-content\/uploads\/2023\/02\/DSC_4234-Edit-copy-520x347.jpg 520w, http:\/\/evergreenolsztyn.com\/wp-content\/uploads\/2023\/02\/DSC_4234-Edit-copy-740x493.jpg 740w\" sizes=\"auto, (max-width: 1024px) 100vw, 1024px\" \/><\/figure>\n\n\n\n<figure class=\"wp-block-image size-large\"><img loading=\"lazy\" decoding=\"async\" width=\"1024\" height=\"683\" data-attachment-id=\"915\" data-permalink=\"http:\/\/evergreenolsztyn.com\/?attachment_id=915\" data-orig-file=\"http:\/\/evergreenolsztyn.com\/wp-content\/uploads\/2023\/02\/DSC_3981-Edit-copy-2-scaled.jpg\" data-orig-size=\"2560,1707\" data-comments-opened=\"1\" data-image-meta=\"{&quot;aperture&quot;:&quot;5&quot;,&quot;credit&quot;:&quot;&quot;,&quot;camera&quot;:&quot;NIKON D7100&quot;,&quot;caption&quot;:&quot;&quot;,&quot;created_timestamp&quot;:&quot;1670687143&quot;,&quot;copyright&quot;:&quot;&quot;,&quot;focal_length&quot;:&quot;35&quot;,&quot;iso&quot;:&quot;500&quot;,&quot;shutter_speed&quot;:&quot;0.008&quot;,&quot;title&quot;:&quot;&quot;,&quot;orientation&quot;:&quot;1&quot;}\" data-image-title=\"DSC_3981-Edit copy 2\" data-image-description=\"\" data-image-caption=\"\" data-large-file=\"http:\/\/evergreenolsztyn.com\/wp-content\/uploads\/2023\/02\/DSC_3981-Edit-copy-2-1024x683.jpg\" data-id=\"915\" src=\"https:\/\/evergreenolsztyn.com\/wp-content\/uploads\/2023\/02\/DSC_3981-Edit-copy-2-1024x683.jpg\" alt=\"\" class=\"wp-image-915\" srcset=\"http:\/\/evergreenolsztyn.com\/wp-content\/uploads\/2023\/02\/DSC_3981-Edit-copy-2-1024x683.jpg 1024w, http:\/\/evergreenolsztyn.com\/wp-content\/uploads\/2023\/02\/DSC_3981-Edit-copy-2-300x200.jpg 300w, http:\/\/evergreenolsztyn.com\/wp-content\/uploads\/2023\/02\/DSC_3981-Edit-copy-2-768x512.jpg 768w, http:\/\/evergreenolsztyn.com\/wp-content\/uploads\/2023\/02\/DSC_3981-Edit-copy-2-1536x1024.jpg 1536w, http:\/\/evergreenolsztyn.com\/wp-content\/uploads\/2023\/02\/DSC_3981-Edit-copy-2-2048x1365.jpg 2048w, http:\/\/evergreenolsztyn.com\/wp-content\/uploads\/2023\/02\/DSC_3981-Edit-copy-2-390x260.jpg 390w, http:\/\/evergreenolsztyn.com\/wp-content\/uploads\/2023\/02\/DSC_3981-Edit-copy-2-520x347.jpg 520w, http:\/\/evergreenolsztyn.com\/wp-content\/uploads\/2023\/02\/DSC_3981-Edit-copy-2-740x493.jpg 740w\" sizes=\"auto, (max-width: 1024px) 100vw, 1024px\" \/><\/figure>\n<\/figure>\n<\/div>\n<\/div>\n\n\n\n<p><\/p>\n\n\n\n<figure class=\"wp-block-image is-resized\"><img loading=\"lazy\" decoding=\"async\" width=\"720\" height=\"927\" data-attachment-id=\"544\" data-permalink=\"http:\/\/evergreenolsztyn.com\/?attachment_id=544\" data-orig-file=\"http:\/\/evergreenolsztyn.com\/wp-content\/uploads\/2021\/10\/FB_IMG_1635437668810.jpg\" data-orig-size=\"720,927\" data-comments-opened=\"1\" data-image-meta=\"{&quot;aperture&quot;:&quot;0&quot;,&quot;credit&quot;:&quot;&quot;,&quot;camera&quot;:&quot;&quot;,&quot;caption&quot;:&quot;&quot;,&quot;created_timestamp&quot;:&quot;0&quot;,&quot;copyright&quot;:&quot;&quot;,&quot;focal_length&quot;:&quot;0&quot;,&quot;iso&quot;:&quot;0&quot;,&quot;shutter_speed&quot;:&quot;0&quot;,&quot;title&quot;:&quot;&quot;,&quot;orientation&quot;:&quot;0&quot;}\" data-image-title=\"FB_IMG_1635437668810\" data-image-description=\"\" data-image-caption=\"&lt;p&gt;Sesje \u015bwi\u0105teczne w Evergreen Studio &lt;\/p&gt;\n\" data-large-file=\"http:\/\/evergreenolsztyn.com\/wp-content\/uploads\/2021\/10\/FB_IMG_1635437668810.jpg\" src=\"http:\/\/evergreenolsztyn.com\/wp-content\/uploads\/2021\/10\/FB_IMG_1635437668810.jpg\" alt=\"\" class=\"wp-image-544\" style=\"width:578px;height:744px\" srcset=\"http:\/\/evergreenolsztyn.com\/wp-content\/uploads\/2021\/10\/FB_IMG_1635437668810.jpg 720w, http:\/\/evergreenolsztyn.com\/wp-content\/uploads\/2021\/10\/FB_IMG_1635437668810-233x300.jpg 233w, http:\/\/evergreenolsztyn.com\/wp-content\/uploads\/2021\/10\/FB_IMG_1635437668810-272x350.jpg 272w\" sizes=\"auto, (max-width: 720px) 100vw, 720px\" \/><\/figure>\n\n\n\n<p><\/p>\n\n\n\n<div class=\"wp-block-columns is-layout-flex wp-container-core-columns-is-layout-9d6595d7 wp-block-columns-is-layout-flex\">\n<div class=\"wp-block-column is-layout-flow wp-block-column-is-layout-flow\" style=\"flex-basis:100%\">\n<figure class=\"wp-block-image is-resized\"><img loading=\"lazy\" decoding=\"async\" width=\"720\" height=\"1080\" data-attachment-id=\"543\" data-permalink=\"http:\/\/evergreenolsztyn.com\/?attachment_id=543\" data-orig-file=\"http:\/\/evergreenolsztyn.com\/wp-content\/uploads\/2021\/10\/FB_IMG_1635437605060.jpg\" data-orig-size=\"720,1080\" data-comments-opened=\"1\" data-image-meta=\"{&quot;aperture&quot;:&quot;0&quot;,&quot;credit&quot;:&quot;&quot;,&quot;camera&quot;:&quot;&quot;,&quot;caption&quot;:&quot;&quot;,&quot;created_timestamp&quot;:&quot;0&quot;,&quot;copyright&quot;:&quot;&quot;,&quot;focal_length&quot;:&quot;0&quot;,&quot;iso&quot;:&quot;0&quot;,&quot;shutter_speed&quot;:&quot;0&quot;,&quot;title&quot;:&quot;&quot;,&quot;orientation&quot;:&quot;0&quot;}\" data-image-title=\"Sesje \u015bwi\u0105teczne w Evergreen Studio\" data-image-description=\"\" data-image-caption=\"&lt;p&gt;Sesje \u015bwi\u0105teczne w Evergreen Studio &lt;\/p&gt;\n\" data-large-file=\"http:\/\/evergreenolsztyn.com\/wp-content\/uploads\/2021\/10\/FB_IMG_1635437605060-683x1024.jpg\" src=\"http:\/\/evergreenolsztyn.com\/wp-content\/uploads\/2021\/10\/FB_IMG_1635437605060.jpg\" alt=\"\" class=\"wp-image-543\" style=\"width:321px;height:482px\" srcset=\"http:\/\/evergreenolsztyn.com\/wp-content\/uploads\/2021\/10\/FB_IMG_1635437605060.jpg 720w, http:\/\/evergreenolsztyn.com\/wp-content\/uploads\/2021\/10\/FB_IMG_1635437605060-200x300.jpg 200w, http:\/\/evergreenolsztyn.com\/wp-content\/uploads\/2021\/10\/FB_IMG_1635437605060-683x1024.jpg 683w, http:\/\/evergreenolsztyn.com\/wp-content\/uploads\/2021\/10\/FB_IMG_1635437605060-233x350.jpg 233w\" sizes=\"auto, (max-width: 720px) 100vw, 720px\" \/><\/figure>\n<\/div>\n<\/div>\n\n\n\n<figure class=\"wp-block-image size-large is-resized\"><a href=\"http:\/\/evergreenolsztyn.com\/wp-content\/uploads\/2021\/07\/wp-1626768327382-scaled.jpg\"><img loading=\"lazy\" decoding=\"async\" width=\"683\" height=\"1024\" data-attachment-id=\"507\" data-permalink=\"http:\/\/evergreenolsztyn.com\/?attachment_id=507\" data-orig-file=\"http:\/\/evergreenolsztyn.com\/wp-content\/uploads\/2021\/07\/wp-1626768327382-scaled.jpg\" data-orig-size=\"1707,2560\" data-comments-opened=\"1\" data-image-meta=\"{&quot;aperture&quot;:&quot;0&quot;,&quot;credit&quot;:&quot;&quot;,&quot;camera&quot;:&quot;&quot;,&quot;caption&quot;:&quot;&quot;,&quot;created_timestamp&quot;:&quot;0&quot;,&quot;copyright&quot;:&quot;&quot;,&quot;focal_length&quot;:&quot;0&quot;,&quot;iso&quot;:&quot;0&quot;,&quot;shutter_speed&quot;:&quot;0&quot;,&quot;title&quot;:&quot;&quot;,&quot;orientation&quot;:&quot;0&quot;}\" data-image-title=\"Dziewczynka w \u015bnie\u017cnobia\u0142ej aran\u017cacji \u015bwi\u0105tecznej\" data-image-description=\"&lt;p&gt;\u015awi\u0119ta w bieli sesja Olsztyn&lt;\/p&gt;\n\" data-image-caption=\"&lt;p&gt;\u015awi\u0119ta bieli i jasno\u015bci Olsztyn&lt;\/p&gt;\n\" data-large-file=\"http:\/\/evergreenolsztyn.com\/wp-content\/uploads\/2021\/07\/wp-1626768327382-683x1024.jpg\" src=\"http:\/\/evergreenolsztyn.com\/wp-content\/uploads\/2021\/07\/wp-1626768327382-683x1024.jpg\" alt=\"\u015awietlista scenka \u015bwi\u0105teczna Olsztyn\" class=\"wp-image-507\" style=\"width:526px;height:788px\" srcset=\"http:\/\/evergreenolsztyn.com\/wp-content\/uploads\/2021\/07\/wp-1626768327382-683x1024.jpg 683w, http:\/\/evergreenolsztyn.com\/wp-content\/uploads\/2021\/07\/wp-1626768327382-200x300.jpg 200w, http:\/\/evergreenolsztyn.com\/wp-content\/uploads\/2021\/07\/wp-1626768327382-768x1152.jpg 768w, http:\/\/evergreenolsztyn.com\/wp-content\/uploads\/2021\/07\/wp-1626768327382-1024x1536.jpg 1024w, http:\/\/evergreenolsztyn.com\/wp-content\/uploads\/2021\/07\/wp-1626768327382-1366x2048.jpg 1366w, http:\/\/evergreenolsztyn.com\/wp-content\/uploads\/2021\/07\/wp-1626768327382-233x350.jpg 233w, http:\/\/evergreenolsztyn.com\/wp-content\/uploads\/2021\/07\/wp-1626768327382-scaled.jpg 1707w\" sizes=\"auto, (max-width: 683px) 100vw, 683px\" \/><\/a><figcaption class=\"wp-element-caption\">\u015awi\u0119ta bieli i jasno\u015bci Olsztyn<\/figcaption><\/figure>\n\n\n\n<figure class=\"wp-block-image size-large is-resized\"><a href=\"http:\/\/evergreenolsztyn.com\/wp-content\/uploads\/2021\/07\/wp-1626768417939-1-scaled.jpg\"><img loading=\"lazy\" decoding=\"async\" width=\"683\" height=\"1024\" data-attachment-id=\"515\" data-permalink=\"http:\/\/evergreenolsztyn.com\/?attachment_id=515\" data-orig-file=\"http:\/\/evergreenolsztyn.com\/wp-content\/uploads\/2021\/07\/wp-1626768417939-1-scaled.jpg\" data-orig-size=\"1706,2560\" data-comments-opened=\"1\" data-image-meta=\"{&quot;aperture&quot;:&quot;0&quot;,&quot;credit&quot;:&quot;&quot;,&quot;camera&quot;:&quot;&quot;,&quot;caption&quot;:&quot;&quot;,&quot;created_timestamp&quot;:&quot;0&quot;,&quot;copyright&quot;:&quot;&quot;,&quot;focal_length&quot;:&quot;0&quot;,&quot;iso&quot;:&quot;0&quot;,&quot;shutter_speed&quot;:&quot;0&quot;,&quot;title&quot;:&quot;&quot;,&quot;orientation&quot;:&quot;0&quot;}\" data-image-title=\"Sesje \u015bwi\u0105teczne w Evergreen Studio\" data-image-description=\"\" data-image-caption=\"&lt;p&gt;Sesje \u015bwi\u0105teczne w Evergreen Studio &lt;\/p&gt;\n\" data-large-file=\"http:\/\/evergreenolsztyn.com\/wp-content\/uploads\/2021\/07\/wp-1626768417939-1-683x1024.jpg\" src=\"http:\/\/evergreenolsztyn.com\/wp-content\/uploads\/2021\/07\/wp-1626768417939-1-683x1024.jpg\" alt=\"\" class=\"wp-image-515\" style=\"width:512px;height:768px\" srcset=\"http:\/\/evergreenolsztyn.com\/wp-content\/uploads\/2021\/07\/wp-1626768417939-1-683x1024.jpg 683w, http:\/\/evergreenolsztyn.com\/wp-content\/uploads\/2021\/07\/wp-1626768417939-1-200x300.jpg 200w, http:\/\/evergreenolsztyn.com\/wp-content\/uploads\/2021\/07\/wp-1626768417939-1-768x1152.jpg 768w, http:\/\/evergreenolsztyn.com\/wp-content\/uploads\/2021\/07\/wp-1626768417939-1-1024x1536.jpg 1024w, http:\/\/evergreenolsztyn.com\/wp-content\/uploads\/2021\/07\/wp-1626768417939-1-1365x2048.jpg 1365w, http:\/\/evergreenolsztyn.com\/wp-content\/uploads\/2021\/07\/wp-1626768417939-1-233x350.jpg 233w, http:\/\/evergreenolsztyn.com\/wp-content\/uploads\/2021\/07\/wp-1626768417939-1-scaled.jpg 1706w\" sizes=\"auto, (max-width: 683px) 100vw, 683px\" \/><\/a><\/figure>\n\n\n\n<figure class=\"wp-block-image size-large is-resized\"><a href=\"http:\/\/evergreenolsztyn.com\/wp-content\/uploads\/2019\/09\/swi\u0105teczne.jpg\"><img loading=\"lazy\" decoding=\"async\" width=\"960\" height=\"960\" data-attachment-id=\"485\" data-permalink=\"http:\/\/evergreenolsztyn.com\/?attachment_id=485\" data-orig-file=\"http:\/\/evergreenolsztyn.com\/wp-content\/uploads\/2019\/09\/swi\u0105teczne.jpg\" data-orig-size=\"960,960\" data-comments-opened=\"1\" data-image-meta=\"{&quot;aperture&quot;:&quot;0&quot;,&quot;credit&quot;:&quot;&quot;,&quot;camera&quot;:&quot;&quot;,&quot;caption&quot;:&quot;&quot;,&quot;created_timestamp&quot;:&quot;0&quot;,&quot;copyright&quot;:&quot;&quot;,&quot;focal_length&quot;:&quot;0&quot;,&quot;iso&quot;:&quot;0&quot;,&quot;shutter_speed&quot;:&quot;0&quot;,&quot;title&quot;:&quot;&quot;,&quot;orientation&quot;:&quot;0&quot;}\" data-image-title=\"swi\u0105teczne\" data-image-description=\"\" data-image-caption=\"\" data-large-file=\"http:\/\/evergreenolsztyn.com\/wp-content\/uploads\/2019\/09\/swi\u0105teczne.jpg\" src=\"http:\/\/evergreenolsztyn.com\/wp-content\/uploads\/2019\/09\/swi\u0105teczne.jpg\" alt=\"\" class=\"wp-image-485\" style=\"width:588px;height:588px\" srcset=\"http:\/\/evergreenolsztyn.com\/wp-content\/uploads\/2019\/09\/swi\u0105teczne.jpg 960w, http:\/\/evergreenolsztyn.com\/wp-content\/uploads\/2019\/09\/swi\u0105teczne-150x150.jpg 150w, http:\/\/evergreenolsztyn.com\/wp-content\/uploads\/2019\/09\/swi\u0105teczne-300x300.jpg 300w, http:\/\/evergreenolsztyn.com\/wp-content\/uploads\/2019\/09\/swi\u0105teczne-768x768.jpg 768w, http:\/\/evergreenolsztyn.com\/wp-content\/uploads\/2019\/09\/swi\u0105teczne-350x350.jpg 350w\" sizes=\"auto, (max-width: 960px) 100vw, 960px\" \/><\/a><\/figure>\n","protected":false},"excerpt":{"rendered":"<p>Jak co roku organizujemy Sesje \u015bwi\u0105teczne w Evergreen Studio Olsztyn Ju\u017c kolejny sezony spotykamy si\u0119 na naszych scenkach \u015bwi\u0105tecznych, czasem ca\u0142ymi rodzinami, czasem same dzieci s\u0105 bohaterami sesji. Mini sesja \u015bwi\u0105teczna w Evergreen Studio Olsztyn<a class=\"read-more\" href=\"http:\/\/evergreenolsztyn.com\/?page_id=461\">Continue reading<\/a><\/p>\n","protected":false},"author":7,"featured_media":0,"parent":0,"menu_order":0,"comment_status":"closed","ping_status":"closed","template":"","meta":{"_uag_custom_page_level_css":"","jetpack_post_was_ever_published":false,"footnotes":""},"class_list":["post-461","page","type-page","status-publish","hentry"],"yoast_head":"<!-- This site is optimized with the Yoast SEO plugin v27.5 - https:\/\/yoast.com\/product\/yoast-seo-wordpress\/ -->\n<title>Sesje \u015bwi\u0105teczne w Evergreen Studio - Evergreen Studio Olsztyn<\/title>\n<meta name=\"description\" content=\"Sesje \u015bwi\u0105teczne w Evergreen Studio Olsztyn to \u015bwietny pomys\u0142 na rozpocz\u0119cie sezonu \u015bwi\u0105tecznego dla swojej rodzinki.\" \/>\n<meta name=\"robots\" content=\"index, follow, max-snippet:-1, max-image-preview:large, max-video-preview:-1\" \/>\n<link rel=\"canonical\" href=\"http:\/\/evergreenolsztyn.com\/?page_id=461\" \/>\n<meta property=\"og:locale\" content=\"pl_PL\" \/>\n<meta property=\"og:type\" content=\"article\" \/>\n<meta property=\"og:title\" content=\"Sesje \u015bwi\u0105teczne w Evergreen Studio - Evergreen Studio Olsztyn\" \/>\n<meta property=\"og:description\" content=\"Sesje \u015bwi\u0105teczne w Evergreen Studio Olsztyn to \u015bwietny pomys\u0142 na rozpocz\u0119cie sezonu \u015bwi\u0105tecznego dla swojej rodzinki.\" \/>\n<meta property=\"og:url\" content=\"http:\/\/evergreenolsztyn.com\/?page_id=461\" \/>\n<meta property=\"og:site_name\" content=\"Evergreen Studio Olsztyn\" \/>\n<meta property=\"article:modified_time\" content=\"2025-09-27T15:33:57+00:00\" \/>\n<meta property=\"og:image\" content=\"http:\/\/evergreenolsztyn.com\/wp-content\/uploads\/2022\/12\/mockvanva.jpeg\" \/>\n<meta name=\"twitter:card\" content=\"summary_large_image\" \/>\n<meta name=\"twitter:label1\" content=\"Szacowany czas czytania\" \/>\n\t<meta name=\"twitter:data1\" content=\"5 minut\" \/>\n<script type=\"application\/ld+json\" class=\"yoast-schema-graph\">{\"@context\":\"https:\\\/\\\/schema.org\",\"@graph\":[{\"@type\":\"WebPage\",\"@id\":\"http:\\\/\\\/evergreenolsztyn.com\\\/?page_id=461\",\"url\":\"http:\\\/\\\/evergreenolsztyn.com\\\/?page_id=461\",\"name\":\"Sesje \u015bwi\u0105teczne w Evergreen Studio - Evergreen Studio Olsztyn\",\"isPartOf\":{\"@id\":\"http:\\\/\\\/evergreenolsztyn.com\\\/#website\"},\"primaryImageOfPage\":{\"@id\":\"http:\\\/\\\/evergreenolsztyn.com\\\/?page_id=461#primaryimage\"},\"image\":{\"@id\":\"http:\\\/\\\/evergreenolsztyn.com\\\/?page_id=461#primaryimage\"},\"thumbnailUrl\":\"http:\\\/\\\/evergreenolsztyn.com\\\/wp-content\\\/uploads\\\/2022\\\/12\\\/mockvanva.jpeg\",\"datePublished\":\"2019-08-31T20:35:22+00:00\",\"dateModified\":\"2025-09-27T15:33:57+00:00\",\"description\":\"Sesje \u015bwi\u0105teczne w Evergreen Studio Olsztyn to \u015bwietny pomys\u0142 na rozpocz\u0119cie sezonu \u015bwi\u0105tecznego dla swojej rodzinki.\",\"breadcrumb\":{\"@id\":\"http:\\\/\\\/evergreenolsztyn.com\\\/?page_id=461#breadcrumb\"},\"inLanguage\":\"pl-PL\",\"potentialAction\":[{\"@type\":\"ReadAction\",\"target\":[\"http:\\\/\\\/evergreenolsztyn.com\\\/?page_id=461\"]}]},{\"@type\":\"ImageObject\",\"inLanguage\":\"pl-PL\",\"@id\":\"http:\\\/\\\/evergreenolsztyn.com\\\/?page_id=461#primaryimage\",\"url\":\"http:\\\/\\\/evergreenolsztyn.com\\\/wp-content\\\/uploads\\\/2022\\\/12\\\/mockvanva.jpeg\",\"contentUrl\":\"http:\\\/\\\/evergreenolsztyn.com\\\/wp-content\\\/uploads\\\/2022\\\/12\\\/mockvanva.jpeg\"},{\"@type\":\"BreadcrumbList\",\"@id\":\"http:\\\/\\\/evergreenolsztyn.com\\\/?page_id=461#breadcrumb\",\"itemListElement\":[{\"@type\":\"ListItem\",\"position\":1,\"name\":\"Strona g\u0142\u00f3wna\",\"item\":\"http:\\\/\\\/evergreenolsztyn.com\\\/\"},{\"@type\":\"ListItem\",\"position\":2,\"name\":\"Sesje \u015bwi\u0105teczne w Evergreen Studio\"}]},{\"@type\":\"WebSite\",\"@id\":\"http:\\\/\\\/evergreenolsztyn.com\\\/#website\",\"url\":\"http:\\\/\\\/evergreenolsztyn.com\\\/\",\"name\":\"Evergreen Studio Olsztyn\",\"description\":\"Studio fotograficzne, sesje dzieci\u0119ce, rodzinne, zdj\u0119cia nieruchomo\u015b\u0107i\",\"potentialAction\":[{\"@type\":\"SearchAction\",\"target\":{\"@type\":\"EntryPoint\",\"urlTemplate\":\"http:\\\/\\\/evergreenolsztyn.com\\\/?s={search_term_string}\"},\"query-input\":{\"@type\":\"PropertyValueSpecification\",\"valueRequired\":true,\"valueName\":\"search_term_string\"}}],\"inLanguage\":\"pl-PL\"}]}<\/script>\n<!-- \/ Yoast SEO plugin. -->","yoast_head_json":{"title":"Sesje \u015bwi\u0105teczne w Evergreen Studio - Evergreen Studio Olsztyn","description":"Sesje \u015bwi\u0105teczne w Evergreen Studio Olsztyn to \u015bwietny pomys\u0142 na rozpocz\u0119cie sezonu \u015bwi\u0105tecznego dla swojej rodzinki.","robots":{"index":"index","follow":"follow","max-snippet":"max-snippet:-1","max-image-preview":"max-image-preview:large","max-video-preview":"max-video-preview:-1"},"canonical":"http:\/\/evergreenolsztyn.com\/?page_id=461","og_locale":"pl_PL","og_type":"article","og_title":"Sesje \u015bwi\u0105teczne w Evergreen Studio - Evergreen Studio Olsztyn","og_description":"Sesje \u015bwi\u0105teczne w Evergreen Studio Olsztyn to \u015bwietny pomys\u0142 na rozpocz\u0119cie sezonu \u015bwi\u0105tecznego dla swojej rodzinki.","og_url":"http:\/\/evergreenolsztyn.com\/?page_id=461","og_site_name":"Evergreen Studio Olsztyn","article_modified_time":"2025-09-27T15:33:57+00:00","og_image":[{"url":"http:\/\/evergreenolsztyn.com\/wp-content\/uploads\/2022\/12\/mockvanva.jpeg","type":"","width":"","height":""}],"twitter_card":"summary_large_image","twitter_misc":{"Szacowany czas czytania":"5 minut"},"schema":{"@context":"https:\/\/schema.org","@graph":[{"@type":"WebPage","@id":"http:\/\/evergreenolsztyn.com\/?page_id=461","url":"http:\/\/evergreenolsztyn.com\/?page_id=461","name":"Sesje \u015bwi\u0105teczne w Evergreen Studio - Evergreen Studio Olsztyn","isPartOf":{"@id":"http:\/\/evergreenolsztyn.com\/#website"},"primaryImageOfPage":{"@id":"http:\/\/evergreenolsztyn.com\/?page_id=461#primaryimage"},"image":{"@id":"http:\/\/evergreenolsztyn.com\/?page_id=461#primaryimage"},"thumbnailUrl":"http:\/\/evergreenolsztyn.com\/wp-content\/uploads\/2022\/12\/mockvanva.jpeg","datePublished":"2019-08-31T20:35:22+00:00","dateModified":"2025-09-27T15:33:57+00:00","description":"Sesje \u015bwi\u0105teczne w Evergreen Studio Olsztyn to \u015bwietny pomys\u0142 na rozpocz\u0119cie sezonu \u015bwi\u0105tecznego dla swojej rodzinki.","breadcrumb":{"@id":"http:\/\/evergreenolsztyn.com\/?page_id=461#breadcrumb"},"inLanguage":"pl-PL","potentialAction":[{"@type":"ReadAction","target":["http:\/\/evergreenolsztyn.com\/?page_id=461"]}]},{"@type":"ImageObject","inLanguage":"pl-PL","@id":"http:\/\/evergreenolsztyn.com\/?page_id=461#primaryimage","url":"http:\/\/evergreenolsztyn.com\/wp-content\/uploads\/2022\/12\/mockvanva.jpeg","contentUrl":"http:\/\/evergreenolsztyn.com\/wp-content\/uploads\/2022\/12\/mockvanva.jpeg"},{"@type":"BreadcrumbList","@id":"http:\/\/evergreenolsztyn.com\/?page_id=461#breadcrumb","itemListElement":[{"@type":"ListItem","position":1,"name":"Strona g\u0142\u00f3wna","item":"http:\/\/evergreenolsztyn.com\/"},{"@type":"ListItem","position":2,"name":"Sesje \u015bwi\u0105teczne w Evergreen Studio"}]},{"@type":"WebSite","@id":"http:\/\/evergreenolsztyn.com\/#website","url":"http:\/\/evergreenolsztyn.com\/","name":"Evergreen Studio Olsztyn","description":"Studio fotograficzne, sesje dzieci\u0119ce, rodzinne, zdj\u0119cia nieruchomo\u015b\u0107i","potentialAction":[{"@type":"SearchAction","target":{"@type":"EntryPoint","urlTemplate":"http:\/\/evergreenolsztyn.com\/?s={search_term_string}"},"query-input":{"@type":"PropertyValueSpecification","valueRequired":true,"valueName":"search_term_string"}}],"inLanguage":"pl-PL"}]}},"uagb_featured_image_src":{"full":false,"thumbnail":false,"medium":false,"medium_large":false,"large":false,"1536x1536":false,"2048x2048":false,"oria-carousel":false,"oria-small-thumb":false,"oria-large-thumb":false},"uagb_author_info":{"display_name":"Rados\u0142aw","author_link":"http:\/\/evergreenolsztyn.com\/?author=7"},"uagb_comment_info":0,"uagb_excerpt":"Jak co roku organizujemy Sesje \u015bwi\u0105teczne w Evergreen Studio Olsztyn Ju\u017c kolejny sezony spotykamy si\u0119 na naszych scenkach \u015bwi\u0105tecznych, czasem ca\u0142ymi rodzinami, czasem same dzieci s\u0105 bohaterami sesji. Mini sesja \u015bwi\u0105teczna w Evergreen Studio OlsztynContinue reading","jetpack_sharing_enabled":true,"jetpack_shortlink":"https:\/\/wp.me\/PaWyYL-7r","_links":{"self":[{"href":"http:\/\/evergreenolsztyn.com\/index.php?rest_route=\/wp\/v2\/pages\/461","targetHints":{"allow":["GET"]}}],"collection":[{"href":"http:\/\/evergreenolsztyn.com\/index.php?rest_route=\/wp\/v2\/pages"}],"about":[{"href":"http:\/\/evergreenolsztyn.com\/index.php?rest_route=\/wp\/v2\/types\/page"}],"author":[{"embeddable":true,"href":"http:\/\/evergreenolsztyn.com\/index.php?rest_route=\/wp\/v2\/users\/7"}],"replies":[{"embeddable":true,"href":"http:\/\/evergreenolsztyn.com\/index.php?rest_route=%2Fwp%2Fv2%2Fcomments&post=461"}],"version-history":[{"count":24,"href":"http:\/\/evergreenolsztyn.com\/index.php?rest_route=\/wp\/v2\/pages\/461\/revisions"}],"predecessor-version":[{"id":1197,"href":"http:\/\/evergreenolsztyn.com\/index.php?rest_route=\/wp\/v2\/pages\/461\/revisions\/1197"}],"wp:attachment":[{"href":"http:\/\/evergreenolsztyn.com\/index.php?rest_route=%2Fwp%2Fv2%2Fmedia&parent=461"}],"curies":[{"name":"wp","href":"https:\/\/api.w.org\/{rel}","templated":true}]}}